{"id":1269,"date":"2023-03-07T20:44:59","date_gmt":"2023-03-07T19:44:59","guid":{"rendered":"https:\/\/moeckernkiez-ev.de\/Wordpress_MK\/?page_id=1269"},"modified":"2026-04-22T18:31:07","modified_gmt":"2026-04-22T16:31:07","slug":"sport-und-bewegung","status":"publish","type":"page","link":"https:\/\/moeckernkiez-ev.de\/Wordpress_MK\/sport-und-bewegung\/","title":{"rendered":"Sport und Bewegung"},"content":{"rendered":"\n<h4 class=\"wp-block-heading\">Kursplan &#8211; Sport und Bewegung<\/h4>\n\n\n\n<figure class=\"wp-block-table is-style-stripes\"><table><tbody><tr><td>Mo<\/td><td>9:00 &#8211; 10:00<\/td><td><a href=\"#YogafuerAlle\">Yoga (Vinyasa\/ Hatha) f\u00fcr Alle<\/a><\/td><td>Forum<\/td><td>10 \u20ac<\/td><\/tr><tr><td><\/td><td>8:30 &#8211; 10:15<\/td><td><a href=\"#schnellesgehen\">Schnelles Gehen und Gymnastik<\/a><\/td><td>Gleisdreieckpark<\/td><td>kostenlos<\/td><\/tr><tr><td>Di<\/td><td>8:30 &#8211; 9:30<\/td><td><a href=\"#qigongimPark\">Qi-Gong (im Park)<\/a><\/td><td>z.Zt. im Forum <\/td><td>kostenlos<\/td><\/tr><tr><td><\/td><td>10:00 &#8211; 11:00<\/td><td><a href=\"#feldenkrais\">Feldenkrais<\/a><\/td><td>Forum<\/td><td>?<\/td><\/tr><tr><td><\/td><td>16:15 &#8211; 17:15<\/td><td><a href=\"#Tanzmit\">Tanz mit! Jazz Dance &amp; Freestyle f\u00fcr Alle<\/a><\/td><td>Forum<\/td><td>auf Anfrage<\/td><\/tr><tr><td>Mi<\/td><td>8:30 &#8211; 10:15<\/td><td><a href=\"#schnellesgehen\">Schnelles Gehen und Gymnastik<\/a><\/td><td>Gleisdreieckpark<\/td><td>kostenlos<\/td><\/tr><tr><td><\/td><td>8:30 &#8211; 9:30<\/td><td><a href=\"#walkingAG\" data-type=\"internal\" data-id=\"#walkingAG\">Walking AG<\/a><\/td><td>Gleisdreieckpark<\/td><td>kostenlos<\/td><\/tr><tr><td>Do<\/td><td>10:00 &#8211; 11:00<\/td><td><a href=\"#feldenkrais\">Feldenkrais<\/a><\/td><td>Forum<\/td><td> 12 \u20ac (10er Block)<\/td><\/tr><tr><td>Fr<\/td><td>8:00 &#8211; 9:00<\/td><td>YOGA SANFT-F\u00fcr SeniorInnen geeignet<\/td><td>Forum<\/td><td>12 \u20ac<\/td><\/tr><tr><td><\/td><td>8:30 &#8211; 10:15<\/td><td><a href=\"http:\/\/schnellesgehen\">Schnelles Gehen und Gymnastik<\/a><\/td><td>Gleisdreieckpark<\/td><td>kostenlos<\/td><\/tr><tr><td><\/td><td>10:00 &#8211; 11:00<\/td><td><a href=\"#feldenkrais\">Feldenkrais<\/a><\/td><td>Forum<\/td><td>12 \u20ac (10er Block)<\/td><\/tr><tr><td><\/td><td>11:45 &#8211; 12:30<\/td><td><a href=\"#QiGongimSitzen\">Qi Gong im Sitzen<\/a><\/td><td>Forum<\/td><td>8 \u20ac (10er Block)<\/td><\/tr><tr><td>Sa<\/td><td>9:00 &#8211; 10:00<\/td><td><a href=\"#qigongimPark\">Qi-Gong im Park<\/a><\/td><td>Gleisdreieckpark<\/td><td>kostenlos<\/td><\/tr><tr><td><\/td><td>10:15 &#8211; 11:15<\/td><td><a href=\"#YogafuerAlle\">Yoga (Vinyasa\/ Hatha) f\u00fc<\/a><a href=\"#yogafueralle\">r Alle<\/a><\/td><td>Forum<\/td><td>10 \u20ac<\/td><\/tr><tr><td>So<\/td><td>8:30 &#8211; 9:30<\/td><td><a href=\"#walkingAG\" data-type=\"internal\" data-id=\"#walkingAG\">Walking AG<\/a><\/td><td>Gleisdreieckpark<\/td><td><\/td><\/tr><\/tbody><\/table><\/figure>\n\n\n\n<p><\/p>\n\n\n\n<h3 class=\"wp-block-heading\">Beschreibung der einzelnen Angebote<\/h3>\n\n\n\n<h4 class=\"wp-block-heading\" id=\"schnellesgehen\">Schnelles Gehen und Gymnastik<\/h4>\n\n\n\n<p>In den ersten 60 Minuten gehen wir schnellen Schrittes durch den Park. Anschlie\u00dfend gibt es ca. 45 Minuten Gymnastik\u00fcbungen, die den ganzen K\u00f6rper fordern und f\u00f6rdern. Es ist auch m\u00f6glich, nur f\u00fcr die Gymnastik zu kommen. Das Angebot wird seit vielen Jahren an drei Tagen in der Woche (Mo, Mi und Fr) von Elfriede K. angeboten. Der Treffpunkt zum schnellen Gehen ist an der Linde, die Gymnastik findet auf der gro\u00dfen Wiese im Park, schr\u00e4g vor G01N \/ MK7 statt.<\/p>\n\n\n\n<p>Ab 1.10.2025 gelten die folgenden Zeiten: <br>Schnelles Gehen von 8:30 &#8211; 9:30 Uhr,<br>Gymnastik von 9:30 &#8211; 10:15 Uhr.<\/p>\n\n\n\n<h4 class=\"wp-block-heading\" id=\"YogafuerAlle\">Yoga (Vinyasa \/ Hatha) f\u00fcr Alle<\/h4>\n\n\n\n<p>Starte deinen Tag mit Yoga am Morgen und f\u00fchle Dich dadurch beweglicher, ausgeglichener und fitter. Ich f\u00fchre Dich sanft und in deinem Tempo durch \u00dcbungen, die die Wirbels\u00e4ule mobilisieren, den gesamten K\u00f6rper st\u00e4rken und Deine Balance (heraus)fordern. Durch Pranayama\u00fcbungen, die bewu\u00dftes Atmen oder spezielle Atemtechniken beinhalten, wird die nat\u00fcrliche Atmung verbessert und dadurch das Wohlbefinden gesteigert. Trage bequeme Kleidung und bringe Dir gerne ein Kissen oder eine Decke mit.<\/p>\n\n\n\n<p>Kosten: 10 Euro pro Stunde<\/p>\n\n\n\n<h4 class=\"wp-block-heading\" id=\"feldenkrais\">Feldenkrais<\/h4>\n\n\n\n<p>Die Feldenkrais Methode f\u00fchrt zu einer Differenzierung der Bewegungswahrnehmung. Sie gibt Impulse zur besseren Haltung, zu mehr Leichtigkeit und Flexibilit\u00e4t in den Alltagsbewegungen, beim Sport und beim Musik machen und erm\u00f6glicht entspannteres Arbeiten am Schreibtisch und vor dem Computer. Zudem kann die Feldenkrais Methode auch f\u00fcr \u00e4ltere Menschen, Schwangere, M\u00fctter und Menschen mit Beckenboden-Themen eine gro\u00dfe Hilfe bedeuten. Durch das Finden einer inneren Ordnung im K\u00f6rper wird die Selbstorganisation beeinflusst und dadurch viel klarer und selbstverst\u00e4ndlicher. Was sich im K\u00f6rper gekl\u00e4rt hat, wirkt sich unmittelbar auf das K\u00f6rpergef\u00fchl aus und zeigt sich in mehr Leichtigkeit, Flexibilit\u00e4t und gleichzeitig auch Stabilit\u00e4t. Die w\u00f6chentliche Gruppenstunde f\u00fchrt Schritt f\u00fcr Schritt in die Feldenkrais Methode ein. <br>Bitte um vorherige Anmeldung an&nbsp;<a href=\"mailto:s.engel-bansac@gmx.net\">s.engel-bansac@gmx.net<\/a><\/p>\n\n\n\n<h4 class=\"wp-block-heading\" id=\"QiGongimSitzen\">Qi Gong im Sitzen<\/h4>\n\n\n\n<p>Qi Gong ist eine der f\u00fcnf S\u00e4ulen der Traditionellen Chinesischen Medizin. Qi Gong wirkt vorbeugend, als auch ausgleichend bei k\u00f6rperlichen Verspannungen, geistig\/seelischer \u00dcberlastung, Schulter- und R\u00fcckenproblemen, Stoffwechselerkrankungen, Schmerzen, \u2026 , in jeder Lebenslage, f\u00fcr Jung und Alt. Die meisten \u00dcbungen sind im Sitzen, Stehen, Liegen m\u00f6glich. Ziel ist es anhaltend gest\u00e4rkt und doch k\u00f6rperlich, wie geistig gelockert den Alltag zu bew\u00e4ltigen. Es wird in der Auswahl der \u00dcbungen die Tagesverfassung aller Teilnehmer:innen ber\u00fccksichtigt.<\/p>\n\n\n\n<p>Der Kurs wird in 10er Bl\u00f6cken angeboten.<br>Es leitet Frau Sabine M\u00fcller.<\/p>\n\n\n\n<p>Preis: Die Kursgeb\u00fchr von 80\u20ac ist zu Anfang eines jeden Blocks zu zahlen.<\/p>\n\n\n\n<p>Neue Teilnehmer*innen sind willkommen und Einsteigen ist jeder Zeit m\u00f6glich.<\/p>\n\n\n\n<h4 class=\"wp-block-heading\" id=\"walkingAG\">Walking-AG des M\u00f6ckernkiez-Vereins<\/h4>\n\n\n\n<p>Die&nbsp;<strong>Walking AG des M\u00f6ckernkiez-Vereins<\/strong>&nbsp;trifft sich&nbsp;<strong>jeden<\/strong>&nbsp;<strong>Mittwoch und jeden Sonntag<\/strong>&nbsp;<strong>morgens um 8.30<\/strong>&nbsp;Uhr bei jedem Wetter auf dem Kiezplatz zu einer einst\u00fcndigen Walking-Runde. Eine Anmeldung ist nicht erforderlich. Wer da ist, ist da. Wir gehen mit oder ohne Walking-St\u00f6cken in&nbsp;<strong>einem Tempo<\/strong>, das die Besprechung jeglicher M\u00f6ckernkiez-Ereignisse erm\u00f6glicht, ohne au\u00dfer Puste zu geraten. Manchmal teilt sich die AG in zwei Gruppen unterschiedlicher Geschwindigkeit. Beim abschlie\u00dfenden&nbsp;<strong>Dehnen&nbsp;<\/strong>sind alle wieder zusammen.<\/p>\n\n\n\n<h4 class=\"wp-block-heading\" id=\"qigongimPark\">Qigong im Park<\/h4>\n\n\n\n<p>Wir \u00fcben 2x w\u00f6chentlich Qigong ohne professionelle Anleitung aber mit viel Freude. Jede\/r ist herzlich willkommen zum Ausprobieren. Bis auf weiteres findet das \u00dcben am Dienstag nicht mehr im Park sondern im Forum statt. <br>Treffpunkt: <strong>Di 8:30 im Forum und Sa 9:00 an der Linde auf dem Kiezplatz<\/strong>.<\/p>\n\n\n\n<h4 class=\"wp-block-heading\" id=\"Tanzmit\">Tanz mit! Jazz Dance &amp; Freestyle f\u00fcr Alle (6-106J.)<\/h4>\n\n\n\n<p>Herzlich willkommen im Tanzkurs f\u00fcr Alle! Wir sind ein bunter Haufen von 15-75-J\u00e4hrigen!<\/p>\n\n\n\n<p>Wir tanzen zu Pop- und Rockmusik von gestern bis heute, st\u00e4rken und dehnen unseren K\u00f6rper mit einem sportlichen Tanz-Workout, erlernen und erschaffen selbst T\u00e4nze, \u00fcben uns sowohl in der Synchronizit\u00e4t (alle tanzen das gleiche) als auch im Freestyle und der Improvisation (jeder tanzt wie sie\/ er will) \u2013 Spiel- und Lebensfreude ist unser Motto! Der Kurs findet dienstags von 16.15h &#8211; 17.15h im Forum statt.<br>F\u00fcr tanzlustige Menschen von 6-106 J., also Kinder, Teens, junge Erwachsene, Menschen in der Mitte des Lebens &amp; Senior*innen, die Lust auf ein energievolles Tanz-Training mit Improvisation haben!<\/p>\n\n\n\n<p>Einstieg und Probestunde jederzeit m\u00f6glich, im Forum, M\u00f6ckernkiez 2, 10963 Berlin.<br>Info &amp; Anmeldung: <a href=\"mailto:charlotte_neef@gmx.de\">charlotte_neef@gmx.de<\/a><br>Charlotte Neef \u2013 Schauspielerin, Tanz &amp; Gesang<br><a href=\"http:\/\/www.charlotteneef.de\">www.charlotteneef.de<\/a><\/p>\n\n\n\n<p><\/p>\n\n\n\n<p><br><\/p>\n","protected":false},"excerpt":{"rendered":"<p>Kursplan &#8211; Sport und Bewegung Mo 9:00 &#8211; 10:00 Yoga (Vinyasa\/ Hatha) f\u00fcr Alle Forum 10 \u20ac 8:30 &#8211; 10:15 Schnelles Gehen und Gymnastik Gleisdreieckpark kostenlos Di 8:30 &#8211; 9:30 Qi-Gong (im Park) z.Zt. im Forum kostenlos 10:00 &#8211; 11:00 Feldenkrais Forum ? 16:15 &#8211; 17:15 Tanz mit! Jazz Dance &amp; Freestyle f\u00fcr Alle Forum &#8230; <\/p>\n<p class=\"read-more-container\"><a title=\"Sport und Bewegung\" class=\"read-more button\" href=\"https:\/\/moeckernkiez-ev.de\/Wordpress_MK\/sport-und-bewegung\/#more-1269\" aria-label=\"Mehr Informationen \u00fcber Sport und Bewegung\">Beitrag lesen<\/a><\/p>\n","protected":false},"author":4,"featured_media":0,"parent":0,"menu_order":0,"comment_status":"closed","ping_status":"closed","template":"","meta":{"footnotes":""},"class_list":["post-1269","page","type-page","status-publish"],"publishpress_future_action":{"enabled":false,"date":"2026-05-07 21:31:15","action":"change-status","newStatus":"draft","terms":[],"taxonomy":"","extraData":[]},"publishpress_future_workflow_manual_trigger":{"enabledWorkflows":[]},"_links":{"self":[{"href":"https:\/\/moeckernkiez-ev.de\/Wordpress_MK\/wp-json\/wp\/v2\/pages\/1269","targetHints":{"allow":["GET"]}}],"collection":[{"href":"https:\/\/moeckernkiez-ev.de\/Wordpress_MK\/wp-json\/wp\/v2\/pages"}],"about":[{"href":"https:\/\/moeckernkiez-ev.de\/Wordpress_MK\/wp-json\/wp\/v2\/types\/page"}],"author":[{"embeddable":true,"href":"https:\/\/moeckernkiez-ev.de\/Wordpress_MK\/wp-json\/wp\/v2\/users\/4"}],"replies":[{"embeddable":true,"href":"https:\/\/moeckernkiez-ev.de\/Wordpress_MK\/wp-json\/wp\/v2\/comments?post=1269"}],"version-history":[{"count":48,"href":"https:\/\/moeckernkiez-ev.de\/Wordpress_MK\/wp-json\/wp\/v2\/pages\/1269\/revisions"}],"predecessor-version":[{"id":10811,"href":"https:\/\/moeckernkiez-ev.de\/Wordpress_MK\/wp-json\/wp\/v2\/pages\/1269\/revisions\/10811"}],"wp:attachment":[{"href":"https:\/\/moeckernkiez-ev.de\/Wordpress_MK\/wp-json\/wp\/v2\/media?parent=1269"}],"curies":[{"name":"wp","href":"https:\/\/api.w.org\/{rel}","templated":true}]}}