{"id":486,"date":"2023-03-01T13:14:00","date_gmt":"2023-03-01T12:14:00","guid":{"rendered":"http:\/\/localhost:8888\/?page_id=486"},"modified":"2023-04-14T13:56:41","modified_gmt":"2023-04-14T11:56:41","slug":"news","status":"publish","type":"page","link":"https:\/\/moeckernkiez-ev.de\/Wordpress_MK\/news\/","title":{"rendered":"Neuigkeiten"},"content":{"rendered":"<ul class=\"wp-block-latest-posts__list has-dates has-author wp-block-latest-posts is-layout-flow wp-block-latest-posts-is-layout-flow\"><li><div class=\"wp-block-latest-posts__featured-image alignleft\"><img loading=\"lazy\" decoding=\"async\" width=\"225\" height=\"300\" src=\"https:\/\/moeckernkiez-ev.de\/Wordpress_MK\/wp-content\/uploads\/2026\/08\/Troeder19.9.26-225x300.jpg\" class=\"attachment-medium size-medium wp-post-image\" alt=\"\" style=\"max-width:200px;\" srcset=\"https:\/\/moeckernkiez-ev.de\/Wordpress_MK\/wp-content\/uploads\/2026\/08\/Troeder19.9.26-225x300.jpg 225w, https:\/\/moeckernkiez-ev.de\/Wordpress_MK\/wp-content\/uploads\/2026\/08\/Troeder19.9.26-768x1024.jpg 768w, https:\/\/moeckernkiez-ev.de\/Wordpress_MK\/wp-content\/uploads\/2026\/08\/Troeder19.9.26-1152x1536.jpg 1152w, https:\/\/moeckernkiez-ev.de\/Wordpress_MK\/wp-content\/uploads\/2026\/08\/Troeder19.9.26.jpg 1300w\" sizes=\"auto, (max-width: 225px) 100vw, 225px\" \/><\/div><a class=\"wp-block-latest-posts__post-title\" href=\"https:\/\/moeckernkiez-ev.de\/Wordpress_MK\/2026\/09\/06\/troedelmarkt-im-moeckernkiez-am-19-9\/\">Tr\u00f6delmarkt im M\u00f6ckernkiez am 19.9.<\/a><div class=\"wp-block-latest-posts__post-author\">von Karl<\/div><time datetime=\"2026-09-06T14:31:35+02:00\" class=\"wp-block-latest-posts__post-date\">Sep. 06, 2026<\/time><div class=\"wp-block-latest-posts__post-excerpt\">Am 19. September ist wieder M\u00f6ckernkiez-Flohmarkt. Auf dem Yorckplatz von 11 bis 15 Uhr. Ab 10 Uhr kann aufgebaut werden, Tische usw bitte selbst mitbringen. die Rampenwege und -zug\u00e4nge bitte komplett frei halten, v.a. den Platz vor der Rampenanlage nutzen. Keine Anmeldung erforderlich, aber alles wieder fein aufr\u00e4umen hinterher. UW PS: bei Regen f\u00e4llt der &#8230; <p class=\"read-more-container\"><a title=\"Tr\u00f6delmarkt im M\u00f6ckernkiez am 19.9.\" class=\"read-more button\" href=\"https:\/\/moeckernkiez-ev.de\/Wordpress_MK\/2026\/09\/06\/troedelmarkt-im-moeckernkiez-am-19-9\/#more-11850\" aria-label=\"Mehr Informationen \u00fcber Tr\u00f6delmarkt im M\u00f6ckernkiez am 19.9.\">Beitrag lesen<\/a><\/p><\/div><\/li>\n<li><div class=\"wp-block-latest-posts__featured-image alignleft\"><img loading=\"lazy\" decoding=\"async\" width=\"222\" height=\"300\" src=\"https:\/\/moeckernkiez-ev.de\/Wordpress_MK\/wp-content\/uploads\/2026\/09\/Kuebra-222x300.jpg\" class=\"attachment-medium size-medium wp-post-image\" alt=\"\" style=\"max-width:200px;\" srcset=\"https:\/\/moeckernkiez-ev.de\/Wordpress_MK\/wp-content\/uploads\/2026\/09\/Kuebra-222x300.jpg 222w, https:\/\/moeckernkiez-ev.de\/Wordpress_MK\/wp-content\/uploads\/2026\/09\/Kuebra.jpg 269w\" sizes=\"auto, (max-width: 222px) 100vw, 222px\" \/><\/div><a class=\"wp-block-latest-posts__post-title\" href=\"https:\/\/moeckernkiez-ev.de\/Wordpress_MK\/2026\/09\/05\/kiezgespraech-zur-wahl-am-14-9-im-forum\/\">Kiezgespr\u00e4ch zur Wahl am 14.9. im Forum<\/a><div class=\"wp-block-latest-posts__post-author\">von Karl<\/div><time datetime=\"2026-09-05T11:20:00+02:00\" class=\"wp-block-latest-posts__post-date\">Sep. 05, 2026<\/time><div class=\"wp-block-latest-posts__post-excerpt\">Einladung zu einem Kiezgespr\u00e4ch mit den Direkt- und Spitzenkandidaten von B\u00fcndnis90\/Die Gr\u00fcnen in unserem Wahlkreis: K\u00dcBRA BEYDA\u015e \u2013 Turkologin M.A. und Direktkandidatin f\u00fcr das Berliner Abgeordnetenhaus von B\u00fcndnis 90\/Die Gr\u00fcnen und THOMAS WEIGELT \u2013 Jurist und gr\u00fcner Kandidat f\u00fcr das B\u00fcrgermeisteramt in Friedrichshain-Kreuzberg Montag, 14. September 2026, ab 18 Uhr im Forum M\u00f6ckernkiez, M\u00f6ckernkiez 2 &#8230; <p class=\"read-more-container\"><a title=\"Kiezgespr\u00e4ch zur Wahl am 14.9. im Forum\" class=\"read-more button\" href=\"https:\/\/moeckernkiez-ev.de\/Wordpress_MK\/2026\/09\/05\/kiezgespraech-zur-wahl-am-14-9-im-forum\/#more-11996\" aria-label=\"Mehr Informationen \u00fcber Kiezgespr\u00e4ch zur Wahl am 14.9. im Forum\">Beitrag lesen<\/a><\/p><\/div><\/li>\n<li><div class=\"wp-block-latest-posts__featured-image alignleft\"><img loading=\"lazy\" decoding=\"async\" width=\"300\" height=\"173\" src=\"https:\/\/moeckernkiez-ev.de\/Wordpress_MK\/wp-content\/uploads\/2026\/09\/Screenshot-2026-09-04-at-14-55-49-Landeswahlleiterin-Sachsen-Anhalt-300x173.png\" class=\"attachment-medium size-medium wp-post-image\" alt=\"\" style=\"max-width:200px;\" srcset=\"https:\/\/moeckernkiez-ev.de\/Wordpress_MK\/wp-content\/uploads\/2026\/09\/Screenshot-2026-09-04-at-14-55-49-Landeswahlleiterin-Sachsen-Anhalt-300x173.png 300w, https:\/\/moeckernkiez-ev.de\/Wordpress_MK\/wp-content\/uploads\/2026\/09\/Screenshot-2026-09-04-at-14-55-49-Landeswahlleiterin-Sachsen-Anhalt-1024x591.png 1024w, https:\/\/moeckernkiez-ev.de\/Wordpress_MK\/wp-content\/uploads\/2026\/09\/Screenshot-2026-09-04-at-14-55-49-Landeswahlleiterin-Sachsen-Anhalt-768x443.png 768w, https:\/\/moeckernkiez-ev.de\/Wordpress_MK\/wp-content\/uploads\/2026\/09\/Screenshot-2026-09-04-at-14-55-49-Landeswahlleiterin-Sachsen-Anhalt-1536x886.png 1536w, https:\/\/moeckernkiez-ev.de\/Wordpress_MK\/wp-content\/uploads\/2026\/09\/Screenshot-2026-09-04-at-14-55-49-Landeswahlleiterin-Sachsen-Anhalt-2048x1182.png 2048w, https:\/\/moeckernkiez-ev.de\/Wordpress_MK\/wp-content\/uploads\/2026\/09\/Screenshot-2026-09-04-at-14-55-49-Landeswahlleiterin-Sachsen-Anhalt-1320x762.png 1320w\" sizes=\"auto, (max-width: 300px) 100vw, 300px\" \/><\/div><a class=\"wp-block-latest-posts__post-title\" href=\"https:\/\/moeckernkiez-ev.de\/Wordpress_MK\/2026\/09\/04\/wahlsieger-afd\/\">Wahlsieger AfD? Public Viewing im M\u00f6ca!<\/a><div class=\"wp-block-latest-posts__post-author\">von Karl<\/div><time datetime=\"2026-09-04T14:53:59+02:00\" class=\"wp-block-latest-posts__post-date\">Sep. 04, 2026<\/time><div class=\"wp-block-latest-posts__post-excerpt\">Public Viewing der Wahlergebnisse in Sachsen-Anhalt am Sonntag ab 17.45 Uhr im M\u00f6ca. Ab 18 Uhr dann die ersten Prognosen und Hochrechnungen. Wahrscheinlich brauchen wir viel Alkohol um die Ergebnisse auszuhalten, den aber bitte mitbringen! BS Wahltrend vom 03.09.2026 AfD 41,7% (\u22120,8) CDU 22,6% (+0,8) Linke 11,7% (\u22120,2) SPD 8,2% (+1,0) Gr\u00fcne 5,7% (+0,5) BSW &#8230; <p class=\"read-more-container\"><a title=\"Wahlsieger AfD? Public Viewing im M\u00f6ca!\" class=\"read-more button\" href=\"https:\/\/moeckernkiez-ev.de\/Wordpress_MK\/2026\/09\/04\/wahlsieger-afd\/#more-12010\" aria-label=\"Mehr Informationen \u00fcber Wahlsieger AfD? Public Viewing im M\u00f6ca!\">Beitrag lesen<\/a><\/p><\/div><\/li>\n<li><div class=\"wp-block-latest-posts__featured-image alignleft\"><img loading=\"lazy\" decoding=\"async\" width=\"300\" height=\"225\" src=\"https:\/\/moeckernkiez-ev.de\/Wordpress_MK\/wp-content\/uploads\/2026\/08\/IMG20260724125658-300x225.jpg\" class=\"attachment-medium size-medium wp-post-image\" alt=\"\" style=\"max-width:200px;\" srcset=\"https:\/\/moeckernkiez-ev.de\/Wordpress_MK\/wp-content\/uploads\/2026\/08\/IMG20260724125658-300x225.jpg 300w, https:\/\/moeckernkiez-ev.de\/Wordpress_MK\/wp-content\/uploads\/2026\/08\/IMG20260724125658-1024x768.jpg 1024w, https:\/\/moeckernkiez-ev.de\/Wordpress_MK\/wp-content\/uploads\/2026\/08\/IMG20260724125658-768x576.jpg 768w, https:\/\/moeckernkiez-ev.de\/Wordpress_MK\/wp-content\/uploads\/2026\/08\/IMG20260724125658-1536x1152.jpg 1536w, https:\/\/moeckernkiez-ev.de\/Wordpress_MK\/wp-content\/uploads\/2026\/08\/IMG20260724125658-1320x990.jpg 1320w, https:\/\/moeckernkiez-ev.de\/Wordpress_MK\/wp-content\/uploads\/2026\/08\/IMG20260724125658.jpg 1669w\" sizes=\"auto, (max-width: 300px) 100vw, 300px\" \/><\/div><a class=\"wp-block-latest-posts__post-title\" href=\"https:\/\/moeckernkiez-ev.de\/Wordpress_MK\/2026\/09\/04\/deutsche-wohnen-co-enteignen\/\">Deutsche Wohnen &amp; Co. enteignen? 11.9.26 im Forum M\u00f6ckernkiez<\/a><div class=\"wp-block-latest-posts__post-author\">von Karl<\/div><time datetime=\"2026-09-04T12:13:00+02:00\" class=\"wp-block-latest-posts__post-date\">Sep. 04, 2026<\/time><div class=\"wp-block-latest-posts__post-excerpt\">Die AG Kreuzberger Nachbarschaft im M\u00f6ckernkiez l\u00e4dt ein: \u201eDeutsche Wohnen &amp; Co enteignen\u201c \u2013 Was tut sich da eigentlich? Gespr\u00e4chsabend am 11. September 2026 um 19 Uhr im Forum, M\u00f6ckernkiez 2, 10963 Berlin An Litfa\u00dfs\u00e4ulen und in Wahlforen, in Sp\u00e4ti-Debatten und an Jurastammtischen \u2013 \u00fcberall ist das Thema Vergesellschaftung gro\u00dfer Immobilienkonzerne pr\u00e4sent. Wir greifen die &#8230; <p class=\"read-more-container\"><a title=\"Deutsche Wohnen &amp; Co. enteignen? 11.9.26 im Forum M\u00f6ckernkiez\" class=\"read-more button\" href=\"https:\/\/moeckernkiez-ev.de\/Wordpress_MK\/2026\/09\/04\/deutsche-wohnen-co-enteignen\/#more-11826\" aria-label=\"Mehr Informationen \u00fcber Deutsche Wohnen &amp; Co. enteignen? 11.9.26 im Forum M\u00f6ckernkiez\">Beitrag lesen<\/a><\/p><\/div><\/li>\n<li><div class=\"wp-block-latest-posts__featured-image alignleft\"><img loading=\"lazy\" decoding=\"async\" width=\"212\" height=\"300\" src=\"https:\/\/moeckernkiez-ev.de\/Wordpress_MK\/wp-content\/uploads\/2026\/09\/SoFeProg-pdf-212x300.jpg\" class=\"attachment-medium size-medium wp-post-image\" alt=\"\" style=\"max-width:200px;\" \/><\/div><a class=\"wp-block-latest-posts__post-title\" href=\"https:\/\/moeckernkiez-ev.de\/Wordpress_MK\/2026\/09\/03\/sommerfest-moeckernkiez-12-09-26-das-programm\/\">Sommerfest M\u00f6ckernkiez \u2013 12.09.26 &#8211; Das Programm<\/a><div class=\"wp-block-latest-posts__post-author\">von Wolfgang Dilly<\/div><time datetime=\"2026-09-03T19:29:26+02:00\" class=\"wp-block-latest-posts__post-date\">Sep. 03, 2026<\/time><div class=\"wp-block-latest-posts__post-excerpt\">Das Sommerfest beginnt um 14.30 mit einer klangvollen Einstimmung bevor es dann um zur 15 Uhr Begr\u00fc\u00dfung und Er\u00f6ffnung des Sommerfestes kommt. Das Programm ist wieder so vielf\u00e4ltig geworden, dass f\u00fcr alle was dabei ist. Gleich nach der Begr\u00fc\u00dfung ein Highlight, das Alphorn-Orchester. &#8230;und hier gibt es das Programm als Datei im pdf-Format<\/div><\/li>\n<li><div class=\"wp-block-latest-posts__featured-image alignleft\"><img loading=\"lazy\" decoding=\"async\" width=\"212\" height=\"300\" src=\"https:\/\/moeckernkiez-ev.de\/Wordpress_MK\/wp-content\/uploads\/2026\/08\/Bildschirmfoto-2026-08-25-um-21.44.25-212x300.png\" class=\"attachment-medium size-medium wp-post-image\" alt=\"\" style=\"max-width:200px;\" srcset=\"https:\/\/moeckernkiez-ev.de\/Wordpress_MK\/wp-content\/uploads\/2026\/08\/Bildschirmfoto-2026-08-25-um-21.44.25-212x300.png 212w, https:\/\/moeckernkiez-ev.de\/Wordpress_MK\/wp-content\/uploads\/2026\/08\/Bildschirmfoto-2026-08-25-um-21.44.25.png 388w\" sizes=\"auto, (max-width: 212px) 100vw, 212px\" \/><\/div><a class=\"wp-block-latest-posts__post-title\" href=\"https:\/\/moeckernkiez-ev.de\/Wordpress_MK\/2026\/09\/03\/kiezfest-akazienstrasse-samstag-12-09-2026-1400-1900-uhr\/\">Kiezfest Akazienstra\u00dfe, Samstag 12.09.2026, 14:00 &#8211; 19:00 Uhr<\/a><div class=\"wp-block-latest-posts__post-author\">von Wolfgang Dilly<\/div><time datetime=\"2026-09-03T11:58:00+02:00\" class=\"wp-block-latest-posts__post-date\">Sep. 03, 2026<\/time><div class=\"wp-block-latest-posts__post-excerpt\">Infos Kiezfest:&#8222;Platz da f\u00fcr Kiez &amp; Kids &#8211; Kiezfest Akazienstra\u00dfe&#8220;; am Samstag, den 12.09.2026, 14:00 &#8211; 19:00 Uhr zwischen Grunewald- und Apostel-Paulus-Stra\u00dfe;&#8222;Wie wollen wir im Kiez zusammen leben?\u201c\u201eWie k\u00f6nnen wir Diskriminierungen abbauen?\u201c\u201eWie kann Stadt zukunftstauglich gestalten werden?\u201c\u201eWas ist uns f\u00fcr unseren Kiez wichtig?18 Initiativen und Akteur*innen werden dabei sein; Infost\u00e4nde, Mitmach-Angebote, Spielstra\u00dfe f\u00fcr Kids und &#8230; <p class=\"read-more-container\"><a title=\"Kiezfest Akazienstra\u00dfe, Samstag 12.09.2026, 14:00 &#8211; 19:00 Uhr\" class=\"read-more button\" href=\"https:\/\/moeckernkiez-ev.de\/Wordpress_MK\/2026\/09\/03\/kiezfest-akazienstrasse-samstag-12-09-2026-1400-1900-uhr\/#more-11898\" aria-label=\"Mehr Informationen \u00fcber Kiezfest Akazienstra\u00dfe, Samstag 12.09.2026, 14:00 &#8211; 19:00 Uhr\">Beitrag lesen<\/a><\/p><\/div><\/li>\n<li><div class=\"wp-block-latest-posts__featured-image alignleft\"><img loading=\"lazy\" decoding=\"async\" width=\"300\" height=\"221\" src=\"https:\/\/moeckernkiez-ev.de\/Wordpress_MK\/wp-content\/uploads\/2026\/09\/pumpkin-soup-6762603_1280-758432825-300x221.png\" class=\"attachment-medium size-medium wp-post-image\" alt=\"\" style=\"max-width:200px;\" srcset=\"https:\/\/moeckernkiez-ev.de\/Wordpress_MK\/wp-content\/uploads\/2026\/09\/pumpkin-soup-6762603_1280-758432825-300x221.png 300w, https:\/\/moeckernkiez-ev.de\/Wordpress_MK\/wp-content\/uploads\/2026\/09\/pumpkin-soup-6762603_1280-758432825-1024x754.png 1024w, https:\/\/moeckernkiez-ev.de\/Wordpress_MK\/wp-content\/uploads\/2026\/09\/pumpkin-soup-6762603_1280-758432825-768x566.png 768w, https:\/\/moeckernkiez-ev.de\/Wordpress_MK\/wp-content\/uploads\/2026\/09\/pumpkin-soup-6762603_1280-758432825.png 1280w\" sizes=\"auto, (max-width: 300px) 100vw, 300px\" \/><\/div><a class=\"wp-block-latest-posts__post-title\" href=\"https:\/\/moeckernkiez-ev.de\/Wordpress_MK\/2026\/09\/02\/freitagssuppe-ab-4-9-im-moeca\/\">Freitagssuppe ab 4.9. im M\u00f6ca<\/a><div class=\"wp-block-latest-posts__post-author\">von Karl<\/div><time datetime=\"2026-09-02T21:35:47+02:00\" class=\"wp-block-latest-posts__post-date\">Sep. 02, 2026<\/time><div class=\"wp-block-latest-posts__post-excerpt\">Es gibt sie wieder, die Freitagssuppe im M\u00f6ca. Ab Freitag 4.9.26. 12.30 Uhr. Los gehts ins M\u00f6ca. Das Suppenteam freut sich auf euch, es gibt nat\u00fcrlich wieder \u00dcberraschungssuppe. Euer Suppenteam<\/div><\/li>\n<li><div class=\"wp-block-latest-posts__featured-image alignleft\"><img loading=\"lazy\" decoding=\"async\" width=\"240\" height=\"300\" src=\"https:\/\/moeckernkiez-ev.de\/Wordpress_MK\/wp-content\/uploads\/2026\/08\/361BEB56-9ECA-4410-8CEC-2758C807F2E1-240x300.jpg\" class=\"attachment-medium size-medium wp-post-image\" alt=\"\" style=\"max-width:200px;\" srcset=\"https:\/\/moeckernkiez-ev.de\/Wordpress_MK\/wp-content\/uploads\/2026\/08\/361BEB56-9ECA-4410-8CEC-2758C807F2E1-240x300.jpg 240w, https:\/\/moeckernkiez-ev.de\/Wordpress_MK\/wp-content\/uploads\/2026\/08\/361BEB56-9ECA-4410-8CEC-2758C807F2E1.jpg 480w\" sizes=\"auto, (max-width: 240px) 100vw, 240px\" \/><\/div><a class=\"wp-block-latest-posts__post-title\" href=\"https:\/\/moeckernkiez-ev.de\/Wordpress_MK\/2026\/09\/02\/tempelhofer-feld-retten\/\">Tempelhofer Feld retten<\/a><div class=\"wp-block-latest-posts__post-author\">von Karl<\/div><time datetime=\"2026-09-02T09:14:19+02:00\" class=\"wp-block-latest-posts__post-date\">Sep. 02, 2026<\/time><div class=\"wp-block-latest-posts__post-excerpt\">Das Tempelhofer Feld ist der beliebteste Park in Berlin geworden. Obwohl es einen eindeutigen Volksentscheid f\u00fcr den Erhalt des Feldes gibt, bringen CDU und SPD immer wieder eine Bebauung des Feldes ins Gespr\u00e4ch. Nun bereiten sie konkret eine Teilbebauung vor, und das obwohl ausreichend Optionen f\u00fcr neuen Wohnraum vorhanden sind. Staatssekret\u00e4r f\u00fcr Bauen Alexander Slotty &#8230; <p class=\"read-more-container\"><a title=\"Tempelhofer Feld retten\" class=\"read-more button\" href=\"https:\/\/moeckernkiez-ev.de\/Wordpress_MK\/2026\/09\/02\/tempelhofer-feld-retten\/#more-11921\" aria-label=\"Mehr Informationen \u00fcber Tempelhofer Feld retten\">Beitrag lesen<\/a><\/p><\/div><\/li>\n<li><div class=\"wp-block-latest-posts__featured-image alignleft\"><img loading=\"lazy\" decoding=\"async\" width=\"300\" height=\"199\" src=\"https:\/\/moeckernkiez-ev.de\/Wordpress_MK\/wp-content\/uploads\/2026\/09\/Eingang-Forum-DidayLogo-300x199.png\" class=\"attachment-medium size-medium wp-post-image\" alt=\"\" style=\"max-width:200px;\" srcset=\"https:\/\/moeckernkiez-ev.de\/Wordpress_MK\/wp-content\/uploads\/2026\/09\/Eingang-Forum-DidayLogo-300x199.png 300w, https:\/\/moeckernkiez-ev.de\/Wordpress_MK\/wp-content\/uploads\/2026\/09\/Eingang-Forum-DidayLogo.png 627w\" sizes=\"auto, (max-width: 300px) 100vw, 300px\" \/><\/div><a class=\"wp-block-latest-posts__post-title\" href=\"https:\/\/moeckernkiez-ev.de\/Wordpress_MK\/2026\/09\/01\/nextcloud-als-alternative-zu-bigtech-clouddiensten\/\">DUT &#8211; Nextcloud als Alternative zu BigTech Clouddiensten<\/a><div class=\"wp-block-latest-posts__post-author\">von Bettina<\/div><time datetime=\"2026-09-01T09:13:43+02:00\" class=\"wp-block-latest-posts__post-date\">Sep. 01, 2026<\/time><div class=\"wp-block-latest-posts__post-excerpt\">Beim n\u00e4chsten Digitalen Unabh\u00e4ngigkeitstag am Sonntag, den 6. September von 11 &#8211; 14 Uhr im M\u00f6ckernkiez dreht sich alles um Clouddienste und speziell um die Cloudanwendung Nextcloud. Wir wollen dar\u00fcber sprechen, f\u00fcr welche Zwecke eine Cloudanwendung sinnvoll eingesetzt werden kann und wie das auch ohne die Clouddienste der BigTech-Unternehmen umgesetzt werden kann. In einem ersten &#8230; <p class=\"read-more-container\"><a title=\"DUT &#8211; Nextcloud als Alternative zu BigTech Clouddiensten\" class=\"read-more button\" href=\"https:\/\/moeckernkiez-ev.de\/Wordpress_MK\/2026\/09\/01\/nextcloud-als-alternative-zu-bigtech-clouddiensten\/#more-11928\" aria-label=\"Mehr Informationen \u00fcber DUT &#8211; Nextcloud als Alternative zu BigTech Clouddiensten\">Beitrag lesen<\/a><\/p><\/div><\/li>\n<li><a class=\"wp-block-latest-posts__post-title\" href=\"https:\/\/moeckernkiez-ev.de\/Wordpress_MK\/2026\/08\/29\/juedisches-leben-im-bayrischen-viertel-donnerstag-03-09-17-19-uhr\/\">\u201cJ\u00fcdisches Leben im Bayrischen Viertel\u201d, Donnerstag, 03.09., 17\u00b0\u00b0 \u2013 19\u00b0\u00b0 Uhr<\/a><div class=\"wp-block-latest-posts__post-author\">von Wolfgang Dilly<\/div><time datetime=\"2026-08-29T21:48:05+02:00\" class=\"wp-block-latest-posts__post-date\">Aug. 29, 2026<\/time><div class=\"wp-block-latest-posts__post-excerpt\">Infos Stadtspaziergang \u201cJ\u00fcdisches Leben im Bayrischen Viertel\u201d (von Martin Forberg, kostenfrei),Donnerstag, 03.09., 17\u00b0\u00b0 \u2013 19\u00b0\u00b0 Uhr, Treffpunkt: Grunewaldstr. Ecke Salzburger Str.,nahe U-Bhf. Bayerischer Platz, bei den Fahrradst\u00e4ndern,Stadtspaziergang zur Vielfalt des j\u00fcdischen Lebens, die es im Bayerischen Viertel bis zur Zeit des Naziregimes gab.Bitte mit Anmeldung: Mobile Stadtteilarbeit Kiezoase, Tel. 0151 15 07 74 78, E-Mail: &#8230; <p class=\"read-more-container\"><a title=\"\u201cJ\u00fcdisches Leben im Bayrischen Viertel\u201d, Donnerstag, 03.09., 17\u00b0\u00b0 \u2013 19\u00b0\u00b0 Uhr\" class=\"read-more button\" href=\"https:\/\/moeckernkiez-ev.de\/Wordpress_MK\/2026\/08\/29\/juedisches-leben-im-bayrischen-viertel-donnerstag-03-09-17-19-uhr\/#more-11892\" aria-label=\"Mehr Informationen \u00fcber \u201cJ\u00fcdisches Leben im Bayrischen Viertel\u201d, Donnerstag, 03.09., 17\u00b0\u00b0 \u2013 19\u00b0\u00b0 Uhr\">Beitrag lesen<\/a><\/p><\/div><\/li>\n<li><div class=\"wp-block-latest-posts__featured-image alignleft\"><img loading=\"lazy\" decoding=\"async\" width=\"300\" height=\"159\" src=\"https:\/\/moeckernkiez-ev.de\/Wordpress_MK\/wp-content\/uploads\/2026\/08\/Dragoner_Areal_Abrissarbeiten_Drohnenaufnahme-300x159.jpg\" class=\"attachment-medium size-medium wp-post-image\" alt=\"\" style=\"max-width:200px;\" srcset=\"https:\/\/moeckernkiez-ev.de\/Wordpress_MK\/wp-content\/uploads\/2026\/08\/Dragoner_Areal_Abrissarbeiten_Drohnenaufnahme-300x159.jpg 300w, https:\/\/moeckernkiez-ev.de\/Wordpress_MK\/wp-content\/uploads\/2026\/08\/Dragoner_Areal_Abrissarbeiten_Drohnenaufnahme-1024x544.jpg 1024w, https:\/\/moeckernkiez-ev.de\/Wordpress_MK\/wp-content\/uploads\/2026\/08\/Dragoner_Areal_Abrissarbeiten_Drohnenaufnahme-768x408.jpg 768w, https:\/\/moeckernkiez-ev.de\/Wordpress_MK\/wp-content\/uploads\/2026\/08\/Dragoner_Areal_Abrissarbeiten_Drohnenaufnahme-1320x701.jpg 1320w, https:\/\/moeckernkiez-ev.de\/Wordpress_MK\/wp-content\/uploads\/2026\/08\/Dragoner_Areal_Abrissarbeiten_Drohnenaufnahme.jpg 1411w\" sizes=\"auto, (max-width: 300px) 100vw, 300px\" \/><\/div><a class=\"wp-block-latest-posts__post-title\" href=\"https:\/\/moeckernkiez-ev.de\/Wordpress_MK\/2026\/08\/29\/kiezwoche-2026-vom-4-9-bis-12-9\/\">Kiezwoche 2026 vom 4.9. bis 12.9.<\/a><div class=\"wp-block-latest-posts__post-author\">von Karl<\/div><time datetime=\"2026-08-29T20:28:12+02:00\" class=\"wp-block-latest-posts__post-date\">Aug. 29, 2026<\/time><div class=\"wp-block-latest-posts__post-excerpt\">Die Kiezwoche 2026 findet vom 4.9. bis zum 12.9. statt. Er\u00f6ffnungsveranstaltung am 4.9. um 18 Uhr im Kiezraum Dragonerareal. Am Freitag 11.9. ist eine Veranstaltung im M\u00f6ckernkiez zum Thema: DW enteignen &#8211; was tut sich eigentlich? Am Samstag 12.9. dann die Abschlussveranstaltung im Kiezraum. Im Rahmen der Kiezwoche findet im M\u00f6ckernkiez die Veranstaltung zu &#8222;Deutsche &#8230; <p class=\"read-more-container\"><a title=\"Kiezwoche 2026 vom 4.9. bis 12.9.\" class=\"read-more button\" href=\"https:\/\/moeckernkiez-ev.de\/Wordpress_MK\/2026\/08\/29\/kiezwoche-2026-vom-4-9-bis-12-9\/#more-11834\" aria-label=\"Mehr Informationen \u00fcber Kiezwoche 2026 vom 4.9. bis 12.9.\">Beitrag lesen<\/a><\/p><\/div><\/li>\n<li><div class=\"wp-block-latest-posts__featured-image alignleft\"><img loading=\"lazy\" decoding=\"async\" width=\"300\" height=\"134\" src=\"https:\/\/moeckernkiez-ev.de\/Wordpress_MK\/wp-content\/uploads\/2024\/02\/film-1668918_640-300x134.jpg\" class=\"attachment-medium size-medium wp-post-image\" alt=\"\" style=\"max-width:200px;\" srcset=\"https:\/\/moeckernkiez-ev.de\/Wordpress_MK\/wp-content\/uploads\/2024\/02\/film-1668918_640-300x134.jpg 300w, https:\/\/moeckernkiez-ev.de\/Wordpress_MK\/wp-content\/uploads\/2024\/02\/film-1668918_640.jpg 640w\" sizes=\"auto, (max-width: 300px) 100vw, 300px\" \/><\/div><a class=\"wp-block-latest-posts__post-title\" href=\"https:\/\/moeckernkiez-ev.de\/Wordpress_MK\/2026\/08\/28\/7-6-18-uhr-film-im-forum-hannah-arendt-im-gespraech-mit-guenter-gaus-zdf-1964\/\">30.8. 18 Uhr im Forum: &#8222;Hannah Arendt im Gespr\u00e4ch mit G\u00fcnter Gaus&#8220;, ZDF 1964<\/a><div class=\"wp-block-latest-posts__post-author\">von Dieter Wettig<\/div><time datetime=\"2026-08-28T00:08:00+02:00\" class=\"wp-block-latest-posts__post-date\">Aug. 28, 2026<\/time><div class=\"wp-block-latest-posts__post-excerpt\">Zu Recht wird es als das legend\u00e4re Interview mit G\u00fcnter Gaus bezeichnet. Einla\u00df 17.50 Uhr, Eintritt frei, kleine Spende erbeten f\u00fcr die Unkosten, 1 Stunde Im Forum im M\u00f6ca, M\u00f6ckernkiez 2, NICHT M\u00f6ckernSTRASSE Hier gibt es das vollst\u00e4ndige Transkript des Gespr\u00e4chs Hannah Arendt&nbsp;(geboren am&nbsp;14. Oktober&nbsp;1906&nbsp;in&nbsp;Linden, heute&nbsp;Hannover, als Johanna Arendt[1]; gestorben am&nbsp;4. Dezember&nbsp;1975&nbsp;in&nbsp;New York City) war &#8230; <p class=\"read-more-container\"><a title=\"30.8. 18 Uhr im Forum: &#8222;Hannah Arendt im Gespr\u00e4ch mit G\u00fcnter Gaus&#8220;, ZDF 1964\" class=\"read-more button\" href=\"https:\/\/moeckernkiez-ev.de\/Wordpress_MK\/2026\/08\/28\/7-6-18-uhr-film-im-forum-hannah-arendt-im-gespraech-mit-guenter-gaus-zdf-1964\/#more-11120\" aria-label=\"Mehr Informationen \u00fcber 30.8. 18 Uhr im Forum: &#8222;Hannah Arendt im Gespr\u00e4ch mit G\u00fcnter Gaus&#8220;, ZDF 1964\">Beitrag lesen<\/a><\/p><\/div><\/li>\n<li><div class=\"wp-block-latest-posts__featured-image alignleft\"><img loading=\"lazy\" decoding=\"async\" width=\"279\" height=\"300\" src=\"https:\/\/moeckernkiez-ev.de\/Wordpress_MK\/wp-content\/uploads\/2026\/01\/AbiW-279x300.png\" class=\"attachment-medium size-medium wp-post-image\" alt=\"\" style=\"max-width:200px;\" srcset=\"https:\/\/moeckernkiez-ev.de\/Wordpress_MK\/wp-content\/uploads\/2026\/01\/AbiW-279x300.png 279w, https:\/\/moeckernkiez-ev.de\/Wordpress_MK\/wp-content\/uploads\/2026\/01\/AbiW.png 640w\" sizes=\"auto, (max-width: 279px) 100vw, 279px\" \/><\/div><a class=\"wp-block-latest-posts__post-title\" href=\"https:\/\/moeckernkiez-ev.de\/Wordpress_MK\/2026\/08\/26\/abi-wallenstein-in-concert-savethedate-12-november\/\">Abi Wallenstein in Concert &#8211; Savethedate 12.November<\/a><div class=\"wp-block-latest-posts__post-author\">von Karl<\/div><time datetime=\"2026-08-26T12:15:00+02:00\" class=\"wp-block-latest-posts__post-date\">Aug. 26, 2026<\/time><div class=\"wp-block-latest-posts__post-excerpt\">Im Rahmen der &#8222;Abi Wallenstein\u00b4s 80. Geburtstag -Tournee&#8220; kommt er mit einem offiziellen Konzert zu uns nach Kreuzberg, gemeinsam mit Hobo. M\u00f6ckernkiez goes Dragonerareal!Die deutsche Blues-Legende liveDonnerstag, 12. November &#8211; 19 UhrKiezraum\/DragonerarealHinterm Finanzamt Kreuzberg\/MehringdammEintritt frei \u2013 der Hut geht rum Im Dezember war in Hamburg das gro\u00dfartige Konzert zu Abi Wallenstein\u00b4s 80. Geburtstag.\u00dcber 50 nahmhafte &#8230; <p class=\"read-more-container\"><a title=\"Abi Wallenstein in Concert &#8211; Savethedate 12.November\" class=\"read-more button\" href=\"https:\/\/moeckernkiez-ev.de\/Wordpress_MK\/2026\/08\/26\/abi-wallenstein-in-concert-savethedate-12-november\/#more-11811\" aria-label=\"Mehr Informationen \u00fcber Abi Wallenstein in Concert &#8211; Savethedate 12.November\">Beitrag lesen<\/a><\/p><\/div><\/li>\n<li><a class=\"wp-block-latest-posts__post-title\" href=\"https:\/\/moeckernkiez-ev.de\/Wordpress_MK\/2026\/08\/25\/gespraech-am-bauzaunfreitag-28-august-2026-17-uhr-am-poststellwerk-naehe-skateranlage-im-gleisdreieck-park\/\">Gespr\u00e4ch am Bauzaun Freitag, 28. August 2026, 17 Uhr, am Poststellwerk, N\u00e4he Skateranlage im Gleisdreieck-Park<\/a><div class=\"wp-block-latest-posts__post-author\">von Wolfgang Dilly<\/div><time datetime=\"2026-08-25T21:24:04+02:00\" class=\"wp-block-latest-posts__post-date\">Aug. 25, 2026<\/time><div class=\"wp-block-latest-posts__post-excerpt\">Liebe Unterst\u00fctzer:innen, liebe Freunde des Gleisdreiecks,\u00a0wir freuen uns sehr, dass auf unserer Veranstaltung am Freitag, den 28.08. Luisa Neubauer unser Gast sein wird. Auf der Veranstaltung wollen wir hinterfragen: Sind die Pl\u00e4ne f\u00fcr die Urbane Mitte S\u00fcd die richtige Antwort auf die Klimakrise?\u00a0 100% Versiegelung einer bisher zu 100% unversiegelten Fl\u00e4che, eine zweigeschossige Tiefgarage aus &#8230; <p class=\"read-more-container\"><a title=\"Gespr\u00e4ch am Bauzaun Freitag, 28. August 2026, 17 Uhr, am Poststellwerk, N\u00e4he Skateranlage im Gleisdreieck-Park\" class=\"read-more button\" href=\"https:\/\/moeckernkiez-ev.de\/Wordpress_MK\/2026\/08\/25\/gespraech-am-bauzaunfreitag-28-august-2026-17-uhr-am-poststellwerk-naehe-skateranlage-im-gleisdreieck-park\/#more-11883\" aria-label=\"Mehr Informationen \u00fcber Gespr\u00e4ch am Bauzaun Freitag, 28. August 2026, 17 Uhr, am Poststellwerk, N\u00e4he Skateranlage im Gleisdreieck-Park\">Beitrag lesen<\/a><\/p><\/div><\/li>\n<li><div class=\"wp-block-latest-posts__featured-image alignleft\"><img loading=\"lazy\" decoding=\"async\" width=\"233\" height=\"300\" src=\"https:\/\/moeckernkiez-ev.de\/Wordpress_MK\/wp-content\/uploads\/2026\/08\/Flottell-233x300.jpg\" class=\"attachment-medium size-medium wp-post-image\" alt=\"\" style=\"max-width:200px;\" srcset=\"https:\/\/moeckernkiez-ev.de\/Wordpress_MK\/wp-content\/uploads\/2026\/08\/Flottell-233x300.jpg 233w, https:\/\/moeckernkiez-ev.de\/Wordpress_MK\/wp-content\/uploads\/2026\/08\/Flottell.jpg 530w\" sizes=\"auto, (max-width: 233px) 100vw, 233px\" \/><\/div><a class=\"wp-block-latest-posts__post-title\" href=\"https:\/\/moeckernkiez-ev.de\/Wordpress_MK\/2026\/08\/25\/11816\/\">Flottwell &#8211; Preu\u00dfischer Minister<\/a><div class=\"wp-block-latest-posts__post-author\">von Karl<\/div><time datetime=\"2026-08-25T12:17:00+02:00\" class=\"wp-block-latest-posts__post-date\">Aug. 25, 2026<\/time><div class=\"wp-block-latest-posts__post-excerpt\">Im Umfeld unserer M\u00f6ckernkiez-Genossenschaft gibt es Orte und namhafte Pers\u00f6nlichkeiten, an die erinnert werden sollte. Zu ihnen geh\u00f6rt der ehemalige preu\u00dfische Minister Eduard Heinrich von Flottwell. Flottwell \u2013 Germanisierer und ModernisiererDie Flottwellstra\u00dfe geh\u00f6rt in ihrem \u00f6stlichen Teil (Nr. 19-45) zu Kreuzberg. Am Gleisdreieckpark m\u00fcndet sie in die Dennewitzstra\u00dfe. Benannt ist die Stra\u00dfe nach dem Richter, &#8230; <p class=\"read-more-container\"><a title=\"Flottwell &#8211; Preu\u00dfischer Minister\" class=\"read-more button\" href=\"https:\/\/moeckernkiez-ev.de\/Wordpress_MK\/2026\/08\/25\/11816\/#more-11816\" aria-label=\"Mehr Informationen \u00fcber Flottwell &#8211; Preu\u00dfischer Minister\">Beitrag lesen<\/a><\/p><\/div><\/li>\n<li><div class=\"wp-block-latest-posts__featured-image alignleft\"><img loading=\"lazy\" decoding=\"async\" width=\"212\" height=\"300\" src=\"https:\/\/moeckernkiez-ev.de\/Wordpress_MK\/wp-content\/uploads\/2026\/08\/Einladung-Gartenfest-29.08.2026-1-pdf-212x300.jpg\" class=\"attachment-medium size-medium wp-post-image\" alt=\"\" style=\"max-width:200px;\" \/><\/div><a class=\"wp-block-latest-posts__post-title\" href=\"https:\/\/moeckernkiez-ev.de\/Wordpress_MK\/2026\/08\/24\/20-jahre-interkultureller-garten-rosenduft-2\/\">20 Jahre Interkultureller Garten Rosenduft<\/a><div class=\"wp-block-latest-posts__post-author\">von Karl<\/div><time datetime=\"2026-08-24T10:51:00+02:00\" class=\"wp-block-latest-posts__post-date\">Aug. 24, 2026<\/time><div class=\"wp-block-latest-posts__post-excerpt\">EINLADUNGSamstag, den 29. August 202615:00 \u2013 19:00 Uhr20 Jahre Interkultureller Garten Rosenduft PROGRAMM\uf0a7 Kaffee und Kuchen\uf0a7 Internationale Spezialit\u00e4ten\uf0a7 Workshops f\u00fcr Kinder\uf0a7 Musikprogramm mitHazemina Donli\u0107 und Azra Meyer \uf0a7 Gartenf\u00fchrung 17:00 Uhr Ort: Park am Gleisdreieck in Berlin-Kreuzberg,Eingang: gegen\u00fcber M\u00f6ckernstr. 43-44 oderYorckstr. gegen\u00fcber vom Flaschenhalspark.Anfahrt: S\/U Yorckstr., Bus M19 Katzbachstr.Wir freuen uns auf Ihren Besuch<\/div><\/li>\n<li><div class=\"wp-block-latest-posts__featured-image alignleft\"><img loading=\"lazy\" decoding=\"async\" width=\"225\" height=\"300\" src=\"https:\/\/moeckernkiez-ev.de\/Wordpress_MK\/wp-content\/uploads\/2026\/08\/IMG_8424-225x300.jpeg\" class=\"attachment-medium size-medium wp-post-image\" alt=\"\" style=\"max-width:200px;\" srcset=\"https:\/\/moeckernkiez-ev.de\/Wordpress_MK\/wp-content\/uploads\/2026\/08\/IMG_8424-225x300.jpeg 225w, https:\/\/moeckernkiez-ev.de\/Wordpress_MK\/wp-content\/uploads\/2026\/08\/IMG_8424-768x1024.jpeg 768w, https:\/\/moeckernkiez-ev.de\/Wordpress_MK\/wp-content\/uploads\/2026\/08\/IMG_8424-1152x1536.jpeg 1152w, https:\/\/moeckernkiez-ev.de\/Wordpress_MK\/wp-content\/uploads\/2026\/08\/IMG_8424-1320x1760.jpeg 1320w, https:\/\/moeckernkiez-ev.de\/Wordpress_MK\/wp-content\/uploads\/2026\/08\/IMG_8424-rotated.jpeg 1512w\" sizes=\"auto, (max-width: 225px) 100vw, 225px\" \/><\/div><a class=\"wp-block-latest-posts__post-title\" href=\"https:\/\/moeckernkiez-ev.de\/Wordpress_MK\/2026\/08\/23\/klima-ag-laedt-zum-quartier-der-zukunft\/\">Save the date: Klima AG l\u00e4dt zum &#8222;Quartier der Zukunft&#8220;<\/a><div class=\"wp-block-latest-posts__post-author\">von Karl<\/div><time datetime=\"2026-08-23T10:08:00+02:00\" class=\"wp-block-latest-posts__post-date\">Aug. 23, 2026<\/time><div class=\"wp-block-latest-posts__post-excerpt\">Die Klima AG der M\u00f6ckernkiez Genossenschaft m\u00f6chte euch zu einer Veranstaltung zum Thema nachhaltiger Quartiersentwicklung am 17. September um 18.00 Uhr im Kiez-Raum des Dragonerareal einladen. Die Klima AG bietet damit zum 2. mal (1. Veranstaltung war am 24.02.26) eine Plattform zum Austausch und zur Information in unserer Kreuzberger Nachbarschaft zu den Herausforderungen an die &#8230; <p class=\"read-more-container\"><a title=\"Save the date: Klima AG l\u00e4dt zum &#8222;Quartier der Zukunft&#8220;\" class=\"read-more button\" href=\"https:\/\/moeckernkiez-ev.de\/Wordpress_MK\/2026\/08\/23\/klima-ag-laedt-zum-quartier-der-zukunft\/#more-11777\" aria-label=\"Mehr Informationen \u00fcber Save the date: Klima AG l\u00e4dt zum &#8222;Quartier der Zukunft&#8220;\">Beitrag lesen<\/a><\/p><\/div><\/li>\n<li><div class=\"wp-block-latest-posts__featured-image alignleft\"><img loading=\"lazy\" decoding=\"async\" width=\"217\" height=\"300\" src=\"https:\/\/moeckernkiez-ev.de\/Wordpress_MK\/wp-content\/uploads\/2026\/08\/GNF_Anzeige_Quiz_A4_einzel_FINAL_DRUCK-1-pdf-217x300.jpg\" class=\"attachment-medium size-medium wp-post-image\" alt=\"\" style=\"max-width:200px;\" \/><\/div><a class=\"wp-block-latest-posts__post-title\" href=\"https:\/\/moeckernkiez-ev.de\/Wordpress_MK\/2026\/08\/22\/das-quiz-zum-genoguide\/\">Das Quiz zum GenoGuide<\/a><div class=\"wp-block-latest-posts__post-author\">von Karl<\/div><time datetime=\"2026-08-22T20:58:27+02:00\" class=\"wp-block-latest-posts__post-date\">Aug. 22, 2026<\/time><div class=\"wp-block-latest-posts__post-excerpt\">Habt Ihr schon den GenoGuide, den neuen digitalen Stadtf\u00fchrer des Genossenschaftsforums,entdeckt? \u00dcber 155 Stationen in Berlin und Potsdam laden dazu ein, die Glanzlichter genossen-schaftlichen Wohnungsbaus zu finden. Eure Genossenschaft ist nat\u00fcrlich auch mit dabei!Damit das besonders Spa\u00df macht, k\u00f6nnt Ihr ab sofort mit dem GenoGuideQuiz Standortesammeln und Preise im Wert von bis zu 200 \u20ac &#8230; <p class=\"read-more-container\"><a title=\"Das Quiz zum GenoGuide\" class=\"read-more button\" href=\"https:\/\/moeckernkiez-ev.de\/Wordpress_MK\/2026\/08\/22\/das-quiz-zum-genoguide\/#more-11770\" aria-label=\"Mehr Informationen \u00fcber Das Quiz zum GenoGuide\">Beitrag lesen<\/a><\/p><\/div><\/li>\n<li><a class=\"wp-block-latest-posts__post-title\" href=\"https:\/\/moeckernkiez-ev.de\/Wordpress_MK\/2026\/08\/21\/back-to-school-tapas-kneipe-am-29-8-26-1900-auf-dem-kiezplatz\/\">Back to school \/ Tapas Kneipe am 29.8.26 19:00 auf dem Kiezplatz<\/a><div class=\"wp-block-latest-posts__post-author\">von Wolfgang Dilly<\/div><time datetime=\"2026-08-21T21:08:07+02:00\" class=\"wp-block-latest-posts__post-date\">Aug. 21, 2026<\/time><div class=\"wp-block-latest-posts__post-excerpt\">Hallo Allerseits, am Samstag, dem 29.8. findet die n\u00e4chste Kneipe statt. Auf dem Kiezplatz und mit dem Motto: Bringt die liebste (Urlaubs-) Spezialit\u00e4t mit und geniesst einen der letzten lauen Abende bevor die Schule wieder beginnt. Der Kinderfilm entf\u00e4llt. Das Kneipen-Team<\/div><\/li>\n<li><div class=\"wp-block-latest-posts__featured-image alignleft\"><img loading=\"lazy\" decoding=\"async\" width=\"300\" height=\"134\" src=\"https:\/\/moeckernkiez-ev.de\/Wordpress_MK\/wp-content\/uploads\/2024\/02\/film-1668918_640-300x134.jpg\" class=\"attachment-medium size-medium wp-post-image\" alt=\"\" style=\"max-width:200px;\" srcset=\"https:\/\/moeckernkiez-ev.de\/Wordpress_MK\/wp-content\/uploads\/2024\/02\/film-1668918_640-300x134.jpg 300w, https:\/\/moeckernkiez-ev.de\/Wordpress_MK\/wp-content\/uploads\/2024\/02\/film-1668918_640.jpg 640w\" sizes=\"auto, (max-width: 300px) 100vw, 300px\" \/><\/div><a class=\"wp-block-latest-posts__post-title\" href=\"https:\/\/moeckernkiez-ev.de\/Wordpress_MK\/2026\/08\/21\/23-8-18-uhr-kino-im-forum-gundalena-von-weizsaecker-geb-wille-ein-leben-im-20-jahrhundert-d-2009-90-minuten\/\">23.8. 18 Uhr Kino im Forum: \u201eGundalena von Weizs\u00e4cker geb. Wille \u2013 Ein Leben im 20. Jahrhundert\u201c, D 2009, 90 Minuten<\/a><div class=\"wp-block-latest-posts__post-author\">von Dieter Wettig<\/div><time datetime=\"2026-08-21T07:56:23+02:00\" class=\"wp-block-latest-posts__post-date\">Aug. 21, 2026<\/time><div class=\"wp-block-latest-posts__post-excerpt\"><\/div><\/li>\n<li><div class=\"wp-block-latest-posts__featured-image alignleft\"><img loading=\"lazy\" decoding=\"async\" width=\"300\" height=\"149\" src=\"https:\/\/moeckernkiez-ev.de\/Wordpress_MK\/wp-content\/uploads\/2026\/07\/Pflegestuetzpunkt-Prinzenstrasse-in-Kreuzberg-800x397-1-300x149.jpg\" class=\"attachment-medium size-medium wp-post-image\" alt=\"\" style=\"max-width:200px;\" srcset=\"https:\/\/moeckernkiez-ev.de\/Wordpress_MK\/wp-content\/uploads\/2026\/07\/Pflegestuetzpunkt-Prinzenstrasse-in-Kreuzberg-800x397-1-300x149.jpg 300w, https:\/\/moeckernkiez-ev.de\/Wordpress_MK\/wp-content\/uploads\/2026\/07\/Pflegestuetzpunkt-Prinzenstrasse-in-Kreuzberg-800x397-1-768x381.jpg 768w, https:\/\/moeckernkiez-ev.de\/Wordpress_MK\/wp-content\/uploads\/2026\/07\/Pflegestuetzpunkt-Prinzenstrasse-in-Kreuzberg-800x397-1.jpg 800w\" sizes=\"auto, (max-width: 300px) 100vw, 300px\" \/><\/div><a class=\"wp-block-latest-posts__post-title\" href=\"https:\/\/moeckernkiez-ev.de\/Wordpress_MK\/2026\/08\/20\/pflegestuetzpunkt-zur-beratung-im-moeckernkiez-2\/\">Pflegest\u00fctzpunkt zur Beratung im M\u00f6ckernkiez am 23.9. und 13.11.<\/a><div class=\"wp-block-latest-posts__post-author\">von Karl<\/div><time datetime=\"2026-08-20T09:08:53+02:00\" class=\"wp-block-latest-posts__post-date\">Aug. 20, 2026<\/time><div class=\"wp-block-latest-posts__post-excerpt\">Die AG Nachbarschaftshilfe organisiert die M\u00f6glichkeit einer professionellen Beratung f\u00fcr alle Fragen rund um die Pflege durch den Pflegest\u00fctzpunktes Friedrichshain-Kreuzberg. Der ist an folgenden Tagen im Treffpunkt\/Beratungsraum: 23.9. von 13 &#8211; 15 Uhr13.11. von 11 &#8211; 13 Uhr Hier gibt es wieder die M\u00f6glichkeit, sich von einer Mitarbeiterin des Pflegest\u00fctzpunktes im Treffpunkt individuell beraten zu &#8230; <p class=\"read-more-container\"><a title=\"Pflegest\u00fctzpunkt zur Beratung im M\u00f6ckernkiez am 23.9. und 13.11.\" class=\"read-more button\" href=\"https:\/\/moeckernkiez-ev.de\/Wordpress_MK\/2026\/08\/20\/pflegestuetzpunkt-zur-beratung-im-moeckernkiez-2\/#more-11575\" aria-label=\"Mehr Informationen \u00fcber Pflegest\u00fctzpunkt zur Beratung im M\u00f6ckernkiez am 23.9. und 13.11.\">Beitrag lesen<\/a><\/p><\/div><\/li>\n<li><div class=\"wp-block-latest-posts__featured-image alignleft\"><img loading=\"lazy\" decoding=\"async\" width=\"225\" height=\"300\" src=\"https:\/\/moeckernkiez-ev.de\/Wordpress_MK\/wp-content\/uploads\/2026\/08\/IMG_4458-225x300.jpg\" class=\"attachment-medium size-medium wp-post-image\" alt=\"\" style=\"max-width:200px;\" srcset=\"https:\/\/moeckernkiez-ev.de\/Wordpress_MK\/wp-content\/uploads\/2026\/08\/IMG_4458-225x300.jpg 225w, https:\/\/moeckernkiez-ev.de\/Wordpress_MK\/wp-content\/uploads\/2026\/08\/IMG_4458-768x1024.jpg 768w, https:\/\/moeckernkiez-ev.de\/Wordpress_MK\/wp-content\/uploads\/2026\/08\/IMG_4458-1152x1536.jpg 1152w, https:\/\/moeckernkiez-ev.de\/Wordpress_MK\/wp-content\/uploads\/2026\/08\/IMG_4458-1320x1760.jpg 1320w, https:\/\/moeckernkiez-ev.de\/Wordpress_MK\/wp-content\/uploads\/2026\/08\/IMG_4458.jpg 1536w\" sizes=\"auto, (max-width: 225px) 100vw, 225px\" \/><\/div><a class=\"wp-block-latest-posts__post-title\" href=\"https:\/\/moeckernkiez-ev.de\/Wordpress_MK\/2026\/08\/19\/der-gruene-daumen-und-der-schnitt\/\">Der Gr\u00fcne Daumen und der Schnitt<\/a><div class=\"wp-block-latest-posts__post-author\">von Karl<\/div><time datetime=\"2026-08-19T10:39:00+02:00\" class=\"wp-block-latest-posts__post-date\">Aug. 19, 2026<\/time><div class=\"wp-block-latest-posts__post-excerpt\">Geschafft! Es ist nun schon einige Tage her, doch das Ergebnis immer noch sichtbar. Eine meiner j\u00e4hrlichen Lieblingsbesch\u00e4ftigungen im Kiez ist das notwendige Beschneiden der zahlreichen Hecken. Michael Schneider entscheidet nach dem Mondkalender, welche Tage f\u00fcr den Schnitt g\u00fcnstig sind. Die Mitglieder der AG Gr\u00fcner Daumen sowie die Hausgruppen werden \u00fcber den Termin informiert. Kurz &#8230; <p class=\"read-more-container\"><a title=\"Der Gr\u00fcne Daumen und der Schnitt\" class=\"read-more button\" href=\"https:\/\/moeckernkiez-ev.de\/Wordpress_MK\/2026\/08\/19\/der-gruene-daumen-und-der-schnitt\/#more-11755\" aria-label=\"Mehr Informationen \u00fcber Der Gr\u00fcne Daumen und der Schnitt\">Beitrag lesen<\/a><\/p><\/div><\/li>\n<li><div class=\"wp-block-latest-posts__featured-image alignleft\"><img loading=\"lazy\" decoding=\"async\" width=\"212\" height=\"300\" src=\"https:\/\/moeckernkiez-ev.de\/Wordpress_MK\/wp-content\/uploads\/2026\/08\/bg-ausstellung-plakat-visual-768x1085-1-212x300.png\" class=\"attachment-medium size-medium wp-post-image\" alt=\"\" style=\"max-width:200px;\" srcset=\"https:\/\/moeckernkiez-ev.de\/Wordpress_MK\/wp-content\/uploads\/2026\/08\/bg-ausstellung-plakat-visual-768x1085-1-212x300.png 212w, https:\/\/moeckernkiez-ev.de\/Wordpress_MK\/wp-content\/uploads\/2026\/08\/bg-ausstellung-plakat-visual-768x1085-1-725x1024.png 725w, https:\/\/moeckernkiez-ev.de\/Wordpress_MK\/wp-content\/uploads\/2026\/08\/bg-ausstellung-plakat-visual-768x1085-1.png 768w\" sizes=\"auto, (max-width: 212px) 100vw, 212px\" \/><\/div><a class=\"wp-block-latest-posts__post-title\" href=\"https:\/\/moeckernkiez-ev.de\/Wordpress_MK\/2026\/08\/18\/ausstellung-baustelle-gemeinwohl\/\">AUSSTELLUNG: Baustelle Gemeinwohl<\/a><div class=\"wp-block-latest-posts__post-author\">von Karl<\/div><time datetime=\"2026-08-18T19:32:26+02:00\" class=\"wp-block-latest-posts__post-date\">Aug. 18, 2026<\/time><div class=\"wp-block-latest-posts__post-excerpt\">Die Ausstellung \u201eBaustelle Gemeinwohl \u2013 Koopera\u00adtive Stadtentwicklung im Bezirk Friedrichs\u00adhain-Kreuz\u00adberg 2016\u20132026\u201c gibt erstmals einen umfas\u00adsenden Einblick in die Entwick\u00adlung kooperativer Stadt\u00adent\u00adwick\u00adlung im Bezirk. Anhand von Projekten, Akteur*innen, Gemein\u00adschafts\u00adprozessen und stadt\u00adpolitischen Themen zeigt sie, wie neue Formen der Zusammen\u00adarbeit entstanden sind und welche Strukturen aufgebaut wurden, um die Heraus\u00adforderungen einer wachsenden und sich ver\u00e4ndernden Stadt gemeinsam &#8230; <p class=\"read-more-container\"><a title=\"AUSSTELLUNG: Baustelle Gemeinwohl\" class=\"read-more button\" href=\"https:\/\/moeckernkiez-ev.de\/Wordpress_MK\/2026\/08\/18\/ausstellung-baustelle-gemeinwohl\/#more-11744\" aria-label=\"Mehr Informationen \u00fcber AUSSTELLUNG: Baustelle Gemeinwohl\">Beitrag lesen<\/a><\/p><\/div><\/li>\n<li><div class=\"wp-block-latest-posts__featured-image alignleft\"><img loading=\"lazy\" decoding=\"async\" width=\"212\" height=\"300\" src=\"https:\/\/moeckernkiez-ev.de\/Wordpress_MK\/wp-content\/uploads\/2026\/08\/act_-Naehaktion-Wimpelkette-212x300.png\" class=\"attachment-medium size-medium wp-post-image\" alt=\"\" style=\"max-width:200px;\" srcset=\"https:\/\/moeckernkiez-ev.de\/Wordpress_MK\/wp-content\/uploads\/2026\/08\/act_-Naehaktion-Wimpelkette-212x300.png 212w, https:\/\/moeckernkiez-ev.de\/Wordpress_MK\/wp-content\/uploads\/2026\/08\/act_-Naehaktion-Wimpelkette-724x1024.png 724w, https:\/\/moeckernkiez-ev.de\/Wordpress_MK\/wp-content\/uploads\/2026\/08\/act_-Naehaktion-Wimpelkette-768x1086.png 768w, https:\/\/moeckernkiez-ev.de\/Wordpress_MK\/wp-content\/uploads\/2026\/08\/act_-Naehaktion-Wimpelkette-1086x1536.png 1086w, https:\/\/moeckernkiez-ev.de\/Wordpress_MK\/wp-content\/uploads\/2026\/08\/act_-Naehaktion-Wimpelkette-1320x1867.png 1320w, https:\/\/moeckernkiez-ev.de\/Wordpress_MK\/wp-content\/uploads\/2026\/08\/act_-Naehaktion-Wimpelkette.png 1414w\" sizes=\"auto, (max-width: 212px) 100vw, 212px\" \/><\/div><a class=\"wp-block-latest-posts__post-title\" href=\"https:\/\/moeckernkiez-ev.de\/Wordpress_MK\/2026\/08\/16\/die-laengste-wimpelkette-der-welt-im-auge\/\">Die l\u00e4ngste Wimpelkette der Welt im Auge&#8230;<\/a><div class=\"wp-block-latest-posts__post-author\">von Wolfgang Dilly<\/div><time datetime=\"2026-08-16T21:29:00+02:00\" class=\"wp-block-latest-posts__post-date\">Aug. 16, 2026<\/time><div class=\"wp-block-latest-posts__post-excerpt\">Mensch w\u00e4chst mit seinen Aufgaben. Die aktuell l\u00e4ngste Kette, der Verfasser kann sich durch nur oberfl\u00e4chliche Recherche irren, flattert zur Zeit auf der Insel Poel.<\/div><\/li>\n<li><div class=\"wp-block-latest-posts__featured-image alignleft\"><img loading=\"lazy\" decoding=\"async\" width=\"222\" height=\"300\" src=\"https:\/\/moeckernkiez-ev.de\/Wordpress_MK\/wp-content\/uploads\/2026\/08\/grafik-222x300.png\" class=\"attachment-medium size-medium wp-post-image\" alt=\"\" style=\"max-width:200px;\" srcset=\"https:\/\/moeckernkiez-ev.de\/Wordpress_MK\/wp-content\/uploads\/2026\/08\/grafik-222x300.png 222w, https:\/\/moeckernkiez-ev.de\/Wordpress_MK\/wp-content\/uploads\/2026\/08\/grafik.png 473w\" sizes=\"auto, (max-width: 222px) 100vw, 222px\" \/><\/div><a class=\"wp-block-latest-posts__post-title\" href=\"https:\/\/moeckernkiez-ev.de\/Wordpress_MK\/2026\/08\/14\/sommer-tafel-am-montag-17-8-26\/\">Sommer-Tafel am Montag 17.8.26<\/a><div class=\"wp-block-latest-posts__post-author\">von Karl<\/div><time datetime=\"2026-08-14T19:46:48+02:00\" class=\"wp-block-latest-posts__post-date\">Aug. 14, 2026<\/time><div class=\"wp-block-latest-posts__post-excerpt\">Stellt die St\u00fchle und die Tische raus, es wird getafelt! Liebe Alle,Wie auch in den letzten Sommer(ferie)n wollen wir die langen Tage nutzen, um gemeinsam bei Speis&#8216; und Trank auf der Kiezstra\u00dfe \u00fcber die Sommererlebnisse zu plaudern, den Abend zu genie\u00dfen, beisammen zusein.Das hei\u00dft, wie immer seit 2019: jede\/r bringt ihr\/sein Abendessen nebst Tisch und &#8230; <p class=\"read-more-container\"><a title=\"Sommer-Tafel am Montag 17.8.26\" class=\"read-more button\" href=\"https:\/\/moeckernkiez-ev.de\/Wordpress_MK\/2026\/08\/14\/sommer-tafel-am-montag-17-8-26\/#more-11685\" aria-label=\"Mehr Informationen \u00fcber Sommer-Tafel am Montag 17.8.26\">Beitrag lesen<\/a><\/p><\/div><\/li>\n<li><div class=\"wp-block-latest-posts__featured-image alignleft\"><img loading=\"lazy\" decoding=\"async\" width=\"240\" height=\"300\" src=\"https:\/\/moeckernkiez-ev.de\/Wordpress_MK\/wp-content\/uploads\/2026\/06\/IMG-20260608-WA0000-240x300.jpg\" class=\"attachment-medium size-medium wp-post-image\" alt=\"\" style=\"max-width:200px;\" srcset=\"https:\/\/moeckernkiez-ev.de\/Wordpress_MK\/wp-content\/uploads\/2026\/06\/IMG-20260608-WA0000-240x300.jpg 240w, https:\/\/moeckernkiez-ev.de\/Wordpress_MK\/wp-content\/uploads\/2026\/06\/IMG-20260608-WA0000-819x1024.jpg 819w, https:\/\/moeckernkiez-ev.de\/Wordpress_MK\/wp-content\/uploads\/2026\/06\/IMG-20260608-WA0000-768x960.jpg 768w, https:\/\/moeckernkiez-ev.de\/Wordpress_MK\/wp-content\/uploads\/2026\/06\/IMG-20260608-WA0000.jpg 1122w\" sizes=\"auto, (max-width: 240px) 100vw, 240px\" \/><\/div><a class=\"wp-block-latest-posts__post-title\" href=\"https:\/\/moeckernkiez-ev.de\/Wordpress_MK\/2026\/08\/13\/gymmick-singt-rio-reiser-am-20-8-26\/\">Gymmick singt Rio Reiser am 20.8.26<\/a><div class=\"wp-block-latest-posts__post-author\">von Karl<\/div><time datetime=\"2026-08-13T19:29:10+02:00\" class=\"wp-block-latest-posts__post-date\">Aug. 13, 2026<\/time><div class=\"wp-block-latest-posts__post-excerpt\">Zum 30. Todestag von Rio um 15 Uhr an seinem Grab, Alter St. Matth\u00e4us-Kirchhof Am Grab auf dem Alten Matth\u00e4us Kirchhof treten um 15 Uhr Gymmick, Irrlichter (Performance und Musik) und die Schauspielerin Laura Tonke auf. Veranstalter ist hier Gerd M\u00f6bius, der Bruder von Rio Reiser. Um 18:30 Uhr tritt dann Gymmick bei uns auf &#8230; <p class=\"read-more-container\"><a title=\"Gymmick singt Rio Reiser am 20.8.26\" class=\"read-more button\" href=\"https:\/\/moeckernkiez-ev.de\/Wordpress_MK\/2026\/08\/13\/gymmick-singt-rio-reiser-am-20-8-26\/#more-11072\" aria-label=\"Mehr Informationen \u00fcber Gymmick singt Rio Reiser am 20.8.26\">Beitrag lesen<\/a><\/p><\/div><\/li>\n<li><a class=\"wp-block-latest-posts__post-title\" href=\"https:\/\/moeckernkiez-ev.de\/Wordpress_MK\/2026\/08\/12\/studienfahrt-nach-erfurt\/\">Studienfahrt nach Erfurt<\/a><div class=\"wp-block-latest-posts__post-author\">von Wolfgang Dilly<\/div><time datetime=\"2026-08-12T19:40:29+02:00\" class=\"wp-block-latest-posts__post-date\">Aug. 12, 2026<\/time><div class=\"wp-block-latest-posts__post-excerpt\">Am 28. September 2026 unternimmt die M\u00f6ckernkiez-Geschichtsarbeitsgemeinschaft \u201eErinnerung Gleis 1\u201c eine weitere Studienreise. Zentrales Ziel der Gruppe ist die Gedenkst\u00e4tte \u201eErinnerungsort Topf &amp; S\u00f6hne \u2013 Die Ofenbauer von Auschwitz\u201c, eine Einrichtung der Stadt Erfurt, gef\u00f6rdert mit Landes- und Bundesmitteln.Auf diesen Museumsort wurde die M\u00f6ckernkiez-AG aufmerksam, als sie die Geschichte des anderen Herstellers von KZ-Verbrennungs\u00f6fen in &#8230; <p class=\"read-more-container\"><a title=\"Studienfahrt nach Erfurt\" class=\"read-more button\" href=\"https:\/\/moeckernkiez-ev.de\/Wordpress_MK\/2026\/08\/12\/studienfahrt-nach-erfurt\/#more-11676\" aria-label=\"Mehr Informationen \u00fcber Studienfahrt nach Erfurt\">Beitrag lesen<\/a><\/p><\/div><\/li>\n<li><div class=\"wp-block-latest-posts__featured-image alignleft\"><img loading=\"lazy\" decoding=\"async\" width=\"225\" height=\"300\" src=\"https:\/\/moeckernkiez-ev.de\/Wordpress_MK\/wp-content\/uploads\/2026\/08\/IMG20260811121739-225x300.jpg\" class=\"attachment-medium size-medium wp-post-image\" alt=\"\" style=\"max-width:200px;\" srcset=\"https:\/\/moeckernkiez-ev.de\/Wordpress_MK\/wp-content\/uploads\/2026\/08\/IMG20260811121739-225x300.jpg 225w, https:\/\/moeckernkiez-ev.de\/Wordpress_MK\/wp-content\/uploads\/2026\/08\/IMG20260811121739-768x1024.jpg 768w, https:\/\/moeckernkiez-ev.de\/Wordpress_MK\/wp-content\/uploads\/2026\/08\/IMG20260811121739-1152x1536.jpg 1152w, https:\/\/moeckernkiez-ev.de\/Wordpress_MK\/wp-content\/uploads\/2026\/08\/IMG20260811121739.jpg 1245w\" sizes=\"auto, (max-width: 225px) 100vw, 225px\" \/><\/div><a class=\"wp-block-latest-posts__post-title\" href=\"https:\/\/moeckernkiez-ev.de\/Wordpress_MK\/2026\/08\/11\/litfasssaeule-mit-neuem-konzept\/\">Litfa\u00dfs\u00e4ule mit neuem Konzept<\/a><div class=\"wp-block-latest-posts__post-author\">von Karl<\/div><time datetime=\"2026-08-11T13:23:59+02:00\" class=\"wp-block-latest-posts__post-date\">Aug. 11, 2026<\/time><div class=\"wp-block-latest-posts__post-excerpt\">Die Litfa\u00dfs\u00e4ule des M\u00f6ckernkiez war in den letzten Wochen &#8222;au\u00dfer Betrieb&#8220;. Die Kulturgruppe &#8222;Litfa\u00dfs\u00e4ule&#8220; im M\u00f6ca hatte die S\u00e4ule gr\u00fcndlich gereinigt und von all den Kleberesten der vergangenen drei Jahre befreit. Alle waren sich einig, dass diese Arbeit nicht nur sehr schwer, sondern auch v\u00f6llig \u00fcberfl\u00fcssig ist und als neues Konzept wurde die S\u00e4ule f\u00fcr &#8230; <p class=\"read-more-container\"><a title=\"Litfa\u00dfs\u00e4ule mit neuem Konzept\" class=\"read-more button\" href=\"https:\/\/moeckernkiez-ev.de\/Wordpress_MK\/2026\/08\/11\/litfasssaeule-mit-neuem-konzept\/#more-11661\" aria-label=\"Mehr Informationen \u00fcber Litfa\u00dfs\u00e4ule mit neuem Konzept\">Beitrag lesen<\/a><\/p><\/div><\/li>\n<li><div class=\"wp-block-latest-posts__featured-image alignleft\"><img loading=\"lazy\" decoding=\"async\" width=\"300\" height=\"150\" src=\"https:\/\/moeckernkiez-ev.de\/Wordpress_MK\/wp-content\/uploads\/2026\/08\/Flyer_020726_Gelb.jpg-pdf-300x150.jpg\" class=\"attachment-medium size-medium wp-post-image\" alt=\"\" style=\"max-width:200px;\" \/><\/div><a class=\"wp-block-latest-posts__post-title\" href=\"https:\/\/moeckernkiez-ev.de\/Wordpress_MK\/2026\/08\/07\/innen-aussen-ausstellung-der-kunst-gruppe-im-moeckernkiez-19-9-26-10-2026\/\">INNEN\/AUSSEN &#8211; Ausstellung der Gruppe Kunst im M\u00f6ckernkiez 19.9.-26.10.2026<\/a><div class=\"wp-block-latest-posts__post-author\">von Heike Jacobsen<\/div><time datetime=\"2026-08-07T22:00:00+02:00\" class=\"wp-block-latest-posts__post-date\">Aug. 07, 2026<\/time><div class=\"wp-block-latest-posts__post-excerpt\">K\u00fcnstlerinnen und K\u00fcnstler der Gruppe Kunst im M\u00f6ckernkiez pr\u00e4sentieren ihre Werke vom 19.09. bis 10.10.2026 in ihrer f\u00fcnften Gemeinschaftsausstellung im Treffpunkt des M\u00f6ckern\u00adkiez unter dem gemeinsamen Thema \u201eInnen\/Au\u00dfen.\u201c. Mit diesem Begriffspaar sind viele As\u00adsoziationen verbunden. Die teilnehmenden K\u00fcnstler\/innen interpretieren das Thema je nach Genre und pers\u00f6nlichen Bez\u00fcgen jeweils auf ihre eigene Art und Weise. Das &#8230; <p class=\"read-more-container\"><a title=\"INNEN\/AUSSEN &#8211; Ausstellung der Gruppe Kunst im M\u00f6ckernkiez 19.9.-26.10.2026\" class=\"read-more button\" href=\"https:\/\/moeckernkiez-ev.de\/Wordpress_MK\/2026\/08\/07\/innen-aussen-ausstellung-der-kunst-gruppe-im-moeckernkiez-19-9-26-10-2026\/#more-11648\" aria-label=\"Mehr Informationen \u00fcber INNEN\/AUSSEN &#8211; Ausstellung der Gruppe Kunst im M\u00f6ckernkiez 19.9.-26.10.2026\">Beitrag lesen<\/a><\/p><\/div><\/li>\n<li><div class=\"wp-block-latest-posts__featured-image alignleft\"><img loading=\"lazy\" decoding=\"async\" width=\"300\" height=\"206\" src=\"https:\/\/moeckernkiez-ev.de\/Wordpress_MK\/wp-content\/uploads\/2026\/08\/Schepeler-Lette-300x206.jpg\" class=\"attachment-medium size-medium wp-post-image\" alt=\"\" style=\"max-width:200px;\" srcset=\"https:\/\/moeckernkiez-ev.de\/Wordpress_MK\/wp-content\/uploads\/2026\/08\/Schepeler-Lette-300x206.jpg 300w, https:\/\/moeckernkiez-ev.de\/Wordpress_MK\/wp-content\/uploads\/2026\/08\/Schepeler-Lette-1024x705.jpg 1024w, https:\/\/moeckernkiez-ev.de\/Wordpress_MK\/wp-content\/uploads\/2026\/08\/Schepeler-Lette-768x529.jpg 768w, https:\/\/moeckernkiez-ev.de\/Wordpress_MK\/wp-content\/uploads\/2026\/08\/Schepeler-Lette.jpg 1100w\" sizes=\"auto, (max-width: 300px) 100vw, 300px\" \/><\/div><a class=\"wp-block-latest-posts__post-title\" href=\"https:\/\/moeckernkiez-ev.de\/Wordpress_MK\/2026\/08\/06\/anna-schepeler-lette\/\">Anna Schepeler-Lette<\/a><div class=\"wp-block-latest-posts__post-author\">von Heike Jacobsen<\/div><time datetime=\"2026-08-06T20:36:52+02:00\" class=\"wp-block-latest-posts__post-date\">Aug. 06, 2026<\/time><div class=\"wp-block-latest-posts__post-excerpt\">\u201eTausende haben sich dankbar der edlen Frau erinnert\u201c Im Umfeld unserer M\u00f6ckernkiez-Genossenschaft gibt es Orte und namhafte Pers\u00f6nlichkeiten, an die erinnert werden sollte. Zu ihnen geh\u00f6rt die engagierte Politikerin, Frauenrechtlerin und Schulgr\u00fcnderin Anna Schepeler-Lette. Heute schwer vorstellbar \u2013 noch Mitte des 19. Jahrhunderts hatten unverheiratete Frauen aus dem B\u00fcrgertum kaum M\u00f6glichkeiten, ihren Lebensunterhalt durch eigene &#8230; <p class=\"read-more-container\"><a title=\"Anna Schepeler-Lette\" class=\"read-more button\" href=\"https:\/\/moeckernkiez-ev.de\/Wordpress_MK\/2026\/08\/06\/anna-schepeler-lette\/#more-11643\" aria-label=\"Mehr Informationen \u00fcber Anna Schepeler-Lette\">Beitrag lesen<\/a><\/p><\/div><\/li>\n<li><div class=\"wp-block-latest-posts__featured-image alignleft\"><img loading=\"lazy\" decoding=\"async\" width=\"139\" height=\"300\" src=\"https:\/\/moeckernkiez-ev.de\/Wordpress_MK\/wp-content\/uploads\/2026\/08\/BGL-Etappe-14-139x300.png\" class=\"attachment-medium size-medium wp-post-image\" alt=\"\" style=\"max-width:200px;\" srcset=\"https:\/\/moeckernkiez-ev.de\/Wordpress_MK\/wp-content\/uploads\/2026\/08\/BGL-Etappe-14-139x300.png 139w, https:\/\/moeckernkiez-ev.de\/Wordpress_MK\/wp-content\/uploads\/2026\/08\/BGL-Etappe-14-473x1024.png 473w, https:\/\/moeckernkiez-ev.de\/Wordpress_MK\/wp-content\/uploads\/2026\/08\/BGL-Etappe-14-768x1662.png 768w, https:\/\/moeckernkiez-ev.de\/Wordpress_MK\/wp-content\/uploads\/2026\/08\/BGL-Etappe-14-710x1536.png 710w, https:\/\/moeckernkiez-ev.de\/Wordpress_MK\/wp-content\/uploads\/2026\/08\/BGL-Etappe-14.png 828w\" sizes=\"auto, (max-width: 139px) 100vw, 139px\" \/><\/div><a class=\"wp-block-latest-posts__post-title\" href=\"https:\/\/moeckernkiez-ev.de\/Wordpress_MK\/2026\/08\/05\/wanderung-24-etappe-der-berliner-guertellinie-30-8-26\/\">Wanderung: 24. Etappe der Berliner G\u00fcrtellinie, 30.8.26<\/a><div class=\"wp-block-latest-posts__post-author\">von Heike Jacobsen<\/div><time datetime=\"2026-08-05T12:35:42+02:00\" class=\"wp-block-latest-posts__post-date\">Aug. 05, 2026<\/time><div class=\"wp-block-latest-posts__post-excerpt\">Liebe Wanderm\u00f6ckies save \u00a0the Date:An 30.8. wollen wir die 14. Etappe der Berliner G\u00fcrtellinie vom S-Bahnhof Heiligensee wandern. Treffpunkt Kiezplatz 9:30 Uhr.<\/div><\/li>\n<li><a class=\"wp-block-latest-posts__post-title\" href=\"https:\/\/moeckernkiez-ev.de\/Wordpress_MK\/2026\/08\/03\/film-im-forum-am-5-8-um-18-uhr-sera-possible-el-sur-d-2008-86-minuten-omu\/\">Film im Forum am 5.8. um 18 Uhr: &#8222;Sera possible el sur&#8220;, D 2008 &#8211; 86 Minuten, OmU<\/a><div class=\"wp-block-latest-posts__post-author\">von Dieter Wettig<\/div><time datetime=\"2026-08-03T00:36:00+02:00\" class=\"wp-block-latest-posts__post-date\">Aug. 03, 2026<\/time><div class=\"wp-block-latest-posts__post-excerpt\">Im Forum im M\u00f6ca, M\u00f6ckernkiez 2, nicht M\u00f6ckernstra\u00dfe 2 Eintritt frei \u2013 Spende erbeten \u2013 Einlass 17.50 Uhr &#8211; Musikfilm &#8211; D 2008 &#8211; OmU Portrait der gro\u00dfen politischen S\u00e4ngerin Mercedes Sosa aus Argentinien. Ihre Landsleute kennen sie als die &#8222;Mutter Courage&#8220; Lateinamerikas, als &#8222;die Stimme der Anden&#8220; und nennen sie liebevoll &#8222;La Negra&#8220; (die &#8230; <p class=\"read-more-container\"><a title=\"Film im Forum am 5.8. um 18 Uhr: &#8222;Sera possible el sur&#8220;, D 2008 &#8211; 86 Minuten, OmU\" class=\"read-more button\" href=\"https:\/\/moeckernkiez-ev.de\/Wordpress_MK\/2026\/08\/03\/film-im-forum-am-5-8-um-18-uhr-sera-possible-el-sur-d-2008-86-minuten-omu\/#more-11563\" aria-label=\"Mehr Informationen \u00fcber Film im Forum am 5.8. um 18 Uhr: &#8222;Sera possible el sur&#8220;, D 2008 &#8211; 86 Minuten, OmU\">Beitrag lesen<\/a><\/p><\/div><\/li>\n<li><div class=\"wp-block-latest-posts__featured-image alignleft\"><img loading=\"lazy\" decoding=\"async\" width=\"225\" height=\"300\" src=\"https:\/\/moeckernkiez-ev.de\/Wordpress_MK\/wp-content\/uploads\/2026\/08\/20260731_124153_resized-225x300.jpg\" class=\"attachment-medium size-medium wp-post-image\" alt=\"\" style=\"max-width:200px;\" srcset=\"https:\/\/moeckernkiez-ev.de\/Wordpress_MK\/wp-content\/uploads\/2026\/08\/20260731_124153_resized-225x300.jpg 225w, https:\/\/moeckernkiez-ev.de\/Wordpress_MK\/wp-content\/uploads\/2026\/08\/20260731_124153_resized-768x1024.jpg 768w, https:\/\/moeckernkiez-ev.de\/Wordpress_MK\/wp-content\/uploads\/2026\/08\/20260731_124153_resized-1152x1536.jpg 1152w, https:\/\/moeckernkiez-ev.de\/Wordpress_MK\/wp-content\/uploads\/2026\/08\/20260731_124153_resized-1536x2048.jpg 1536w, https:\/\/moeckernkiez-ev.de\/Wordpress_MK\/wp-content\/uploads\/2026\/08\/20260731_124153_resized-1320x1760.jpg 1320w, https:\/\/moeckernkiez-ev.de\/Wordpress_MK\/wp-content\/uploads\/2026\/08\/20260731_124153_resized.jpg 1734w\" sizes=\"auto, (max-width: 225px) 100vw, 225px\" \/><\/div><a class=\"wp-block-latest-posts__post-title\" href=\"https:\/\/moeckernkiez-ev.de\/Wordpress_MK\/2026\/08\/01\/stadtmoebel-auf-dem-yorckplatz-mobiler-schattenspender\/\">Stadtm\u00f6bel auf dem Yorckplatz: Mobiler Schattenspender<\/a><div class=\"wp-block-latest-posts__post-author\">von Heike Jacobsen<\/div><time datetime=\"2026-08-01T16:48:37+02:00\" class=\"wp-block-latest-posts__post-date\">Aug. 01, 2026<\/time><div class=\"wp-block-latest-posts__post-excerpt\">Gestern, am 31.07.2026, wurde auf dem Yorckplatz eine mobile Hitzeschutz- bzw. Schattenspendestation durch den Bezirk Friedrichshain\/Kreuzberg aufgestellt und gemeinsam von unserem Vorstand Ansgar Dietrich und der Bezirksb\u00fcrgermeisterin Clara Herrmann er\u00f6ffnet. Insgesamt werden solche Stationen an drei Stellen im Bezirk getestet. Mit solchen \u201eStadtm\u00f6beln\u201c ist es m\u00f6glich, schnell\u00a0 Schattenspender auf Fl\u00e4chen zu bringen, auch wenn es &#8230; <p class=\"read-more-container\"><a title=\"Stadtm\u00f6bel auf dem Yorckplatz: Mobiler Schattenspender\" class=\"read-more button\" href=\"https:\/\/moeckernkiez-ev.de\/Wordpress_MK\/2026\/08\/01\/stadtmoebel-auf-dem-yorckplatz-mobiler-schattenspender\/#more-11607\" aria-label=\"Mehr Informationen \u00fcber Stadtm\u00f6bel auf dem Yorckplatz: Mobiler Schattenspender\">Beitrag lesen<\/a><\/p><\/div><\/li>\n<li><div class=\"wp-block-latest-posts__featured-image alignleft\"><img loading=\"lazy\" decoding=\"async\" width=\"300\" height=\"250\" src=\"https:\/\/moeckernkiez-ev.de\/Wordpress_MK\/wp-content\/uploads\/2026\/07\/Bildschirmfoto-vom-2026-07-26-19-21-18-300x250.png\" class=\"attachment-medium size-medium wp-post-image\" alt=\"\" style=\"max-width:200px;\" srcset=\"https:\/\/moeckernkiez-ev.de\/Wordpress_MK\/wp-content\/uploads\/2026\/07\/Bildschirmfoto-vom-2026-07-26-19-21-18-300x250.png 300w, https:\/\/moeckernkiez-ev.de\/Wordpress_MK\/wp-content\/uploads\/2026\/07\/Bildschirmfoto-vom-2026-07-26-19-21-18.png 608w\" sizes=\"auto, (max-width: 300px) 100vw, 300px\" \/><\/div><a class=\"wp-block-latest-posts__post-title\" href=\"https:\/\/moeckernkiez-ev.de\/Wordpress_MK\/2026\/07\/26\/kein-backup-kein-mitleid\/\">Kein Backup &#8211; kein Mitleid.<\/a><div class=\"wp-block-latest-posts__post-author\">von Bettina<\/div><time datetime=\"2026-07-26T19:30:49+02:00\" class=\"wp-block-latest-posts__post-date\">Juli 26, 2026<\/time><div class=\"wp-block-latest-posts__post-excerpt\">So sichert ihr eure Daten richtig. Trotz Ferienzeit wird es im August im M\u00f6ckernkiez wieder eine DI.DAY-Veranstaltung geben. Wieder am ersten Sonntag im Monat, also am 2.8.2026 von 11 bis 14 Uhr.Diesmal wird es um das wichtige Thema Backups gehen. Ein Backup, auch Datensicherung genannt, ist eine Kopie eurer wichtigsten Daten, die auf einem separaten &#8230; <p class=\"read-more-container\"><a title=\"Kein Backup &#8211; kein Mitleid.\" class=\"read-more button\" href=\"https:\/\/moeckernkiez-ev.de\/Wordpress_MK\/2026\/07\/26\/kein-backup-kein-mitleid\/#more-11583\" aria-label=\"Mehr Informationen \u00fcber Kein Backup &#8211; kein Mitleid.\">Beitrag lesen<\/a><\/p><\/div><\/li>\n<li><div class=\"wp-block-latest-posts__featured-image alignleft\"><img loading=\"lazy\" decoding=\"async\" width=\"225\" height=\"300\" src=\"https:\/\/moeckernkiez-ev.de\/Wordpress_MK\/wp-content\/uploads\/2026\/07\/IMG20260721182801-225x300.jpg\" class=\"attachment-medium size-medium wp-post-image\" alt=\"\" style=\"max-width:200px;\" srcset=\"https:\/\/moeckernkiez-ev.de\/Wordpress_MK\/wp-content\/uploads\/2026\/07\/IMG20260721182801-225x300.jpg 225w, https:\/\/moeckernkiez-ev.de\/Wordpress_MK\/wp-content\/uploads\/2026\/07\/IMG20260721182801-768x1024.jpg 768w, https:\/\/moeckernkiez-ev.de\/Wordpress_MK\/wp-content\/uploads\/2026\/07\/IMG20260721182801-1152x1536.jpg 1152w, https:\/\/moeckernkiez-ev.de\/Wordpress_MK\/wp-content\/uploads\/2026\/07\/IMG20260721182801-1536x2048.jpg 1536w, https:\/\/moeckernkiez-ev.de\/Wordpress_MK\/wp-content\/uploads\/2026\/07\/IMG20260721182801-1320x1760.jpg 1320w, https:\/\/moeckernkiez-ev.de\/Wordpress_MK\/wp-content\/uploads\/2026\/07\/IMG20260721182801.jpg 1695w\" sizes=\"auto, (max-width: 225px) 100vw, 225px\" \/><\/div><a class=\"wp-block-latest-posts__post-title\" href=\"https:\/\/moeckernkiez-ev.de\/Wordpress_MK\/2026\/07\/25\/pat-carter-enrico-francese-spielen-country-crooning-folk-pickingfingerstyleslide-blues-and-roots-virtuoso-am-16-august-2026-auf-dem-kiezplatz\/\">Pat Carter &amp; Enrico Francese spielen Country-crooning, Folk-picking, Fingerstyle&amp;Slide, Blues and Roots Virtuoso am 16. August 2026 auf dem Kiezplatz<\/a><div class=\"wp-block-latest-posts__post-author\">von EvaZ<\/div><time datetime=\"2026-07-25T12:20:27+02:00\" class=\"wp-block-latest-posts__post-date\">Juli 25, 2026<\/time><div class=\"wp-block-latest-posts__post-excerpt\">&#8222;\/&#8220;Country und Americana band Rodeo FM hat hundert Konzerte zwischen Marseille, Stockholm, Belfast und Charkiv gespielt. Carter wurde als Songwriter mit Tom Petty, Oliver Wood, und Jim Croce verglichen, man h\u00f6rt bei Carters Auftritten aber auch immer Echos aus den 90ern, von Howe Gelb \u00fcber J Mascisbis Uncle Tupelo. Nach vier Alben mit Rodeo FM &#8230; <p class=\"read-more-container\"><a title=\"Pat Carter &amp; Enrico Francese spielen Country-crooning, Folk-picking, Fingerstyle&amp;Slide, Blues and Roots Virtuoso am 16. August 2026 auf dem Kiezplatz\" class=\"read-more button\" href=\"https:\/\/moeckernkiez-ev.de\/Wordpress_MK\/2026\/07\/25\/pat-carter-enrico-francese-spielen-country-crooning-folk-pickingfingerstyleslide-blues-and-roots-virtuoso-am-16-august-2026-auf-dem-kiezplatz\/#more-11569\" aria-label=\"Mehr Informationen \u00fcber Pat Carter &amp; Enrico Francese spielen Country-crooning, Folk-picking, Fingerstyle&amp;Slide, Blues and Roots Virtuoso am 16. August 2026 auf dem Kiezplatz\">Beitrag lesen<\/a><\/p><\/div><\/li>\n<li><div class=\"wp-block-latest-posts__featured-image alignleft\"><img loading=\"lazy\" decoding=\"async\" width=\"300\" height=\"278\" src=\"https:\/\/moeckernkiez-ev.de\/Wordpress_MK\/wp-content\/uploads\/2026\/07\/josepmonter-charles-chaplin-3521070_1920-300x278.jpg\" class=\"attachment-medium size-medium wp-post-image\" alt=\"\" style=\"max-width:200px;\" srcset=\"https:\/\/moeckernkiez-ev.de\/Wordpress_MK\/wp-content\/uploads\/2026\/07\/josepmonter-charles-chaplin-3521070_1920-300x278.jpg 300w, https:\/\/moeckernkiez-ev.de\/Wordpress_MK\/wp-content\/uploads\/2026\/07\/josepmonter-charles-chaplin-3521070_1920-1024x948.jpg 1024w, https:\/\/moeckernkiez-ev.de\/Wordpress_MK\/wp-content\/uploads\/2026\/07\/josepmonter-charles-chaplin-3521070_1920-768x711.jpg 768w, https:\/\/moeckernkiez-ev.de\/Wordpress_MK\/wp-content\/uploads\/2026\/07\/josepmonter-charles-chaplin-3521070_1920-1536x1422.jpg 1536w, https:\/\/moeckernkiez-ev.de\/Wordpress_MK\/wp-content\/uploads\/2026\/07\/josepmonter-charles-chaplin-3521070_1920-1320x1222.jpg 1320w, https:\/\/moeckernkiez-ev.de\/Wordpress_MK\/wp-content\/uploads\/2026\/07\/josepmonter-charles-chaplin-3521070_1920.jpg 1920w\" sizes=\"auto, (max-width: 300px) 100vw, 300px\" \/><\/div><a class=\"wp-block-latest-posts__post-title\" href=\"https:\/\/moeckernkiez-ev.de\/Wordpress_MK\/2026\/07\/24\/kinokinokinokino\/\">KinoKinoKinoKino<\/a><div class=\"wp-block-latest-posts__post-author\">von Karl<\/div><time datetime=\"2026-07-24T11:43:44+02:00\" class=\"wp-block-latest-posts__post-date\">Juli 24, 2026<\/time><div class=\"wp-block-latest-posts__post-excerpt\">Das M\u00f6ckernkiez-Kino droht zu verwaisen! Nach mehr als 150 gezeigten Filmen macht Dieter eine Pause vom Kino. Unser Kino-Kapit\u00e4n verl\u00e4\u00dft das Kino-Schiff des M\u00f6ckernkiez und l\u00e4\u00dft erst mal eine Leere zur\u00fcck. Wir k\u00f6nnen ihm gar nicht genug danken f\u00fcr all die guten Filme die er ausgesucht und gezeigt hat. Ein ganz anderer Cineast wie Knut &#8230; <p class=\"read-more-container\"><a title=\"KinoKinoKinoKino\" class=\"read-more button\" href=\"https:\/\/moeckernkiez-ev.de\/Wordpress_MK\/2026\/07\/24\/kinokinokinokino\/#more-11558\" aria-label=\"Mehr Informationen \u00fcber KinoKinoKinoKino\">Beitrag lesen<\/a><\/p><\/div><\/li>\n<li><div class=\"wp-block-latest-posts__featured-image alignleft\"><img loading=\"lazy\" decoding=\"async\" width=\"212\" height=\"300\" src=\"https:\/\/moeckernkiez-ev.de\/Wordpress_MK\/wp-content\/uploads\/2026\/07\/BildHarzburg-1-pdf-212x300.jpg\" class=\"attachment-medium size-medium wp-post-image\" alt=\"\" style=\"max-width:200px;\" \/><\/div><a class=\"wp-block-latest-posts__post-title\" href=\"https:\/\/moeckernkiez-ev.de\/Wordpress_MK\/2026\/07\/22\/vernissage-am-8-8-18-uhr\/\">Vernissage am 8.8. 19 Uhr<\/a><div class=\"wp-block-latest-posts__post-author\">von Karl<\/div><time datetime=\"2026-07-22T12:10:09+02:00\" class=\"wp-block-latest-posts__post-date\">Juli 22, 2026<\/time><div class=\"wp-block-latest-posts__post-excerpt\">B A D H A R Z B U R G T R I F F T B E R L I N S E H T U N S !!! AUSSTELLUNG IM TREFFPUNKT M\u00d6CKERNKIEZ 08.08. &#8211; 28.08.2026 JUNGE MALER:INNEN AUS BAD HARZBURG\/ NIEDERSACHSEN ZEIGEN IHRE WERKE VON REALISMUS \u00dcBER SCHWARZ-WEI\u00df-ZEICHNUNGEN BIS HIN ZU ABSTRAKTER &#8230; <p class=\"read-more-container\"><a title=\"Vernissage am 8.8. 19 Uhr\" class=\"read-more button\" href=\"https:\/\/moeckernkiez-ev.de\/Wordpress_MK\/2026\/07\/22\/vernissage-am-8-8-18-uhr\/#more-11534\" aria-label=\"Mehr Informationen \u00fcber Vernissage am 8.8. 19 Uhr\">Beitrag lesen<\/a><\/p><\/div><\/li>\n<li><div class=\"wp-block-latest-posts__featured-image alignleft\"><img loading=\"lazy\" decoding=\"async\" width=\"300\" height=\"169\" src=\"https:\/\/moeckernkiez-ev.de\/Wordpress_MK\/wp-content\/uploads\/2026\/07\/Website_Header-300x169.jpg\" class=\"attachment-medium size-medium wp-post-image\" alt=\"\" style=\"max-width:200px;\" srcset=\"https:\/\/moeckernkiez-ev.de\/Wordpress_MK\/wp-content\/uploads\/2026\/07\/Website_Header-300x169.jpg 300w, https:\/\/moeckernkiez-ev.de\/Wordpress_MK\/wp-content\/uploads\/2026\/07\/Website_Header-1024x576.jpg 1024w, https:\/\/moeckernkiez-ev.de\/Wordpress_MK\/wp-content\/uploads\/2026\/07\/Website_Header-768x432.jpg 768w, https:\/\/moeckernkiez-ev.de\/Wordpress_MK\/wp-content\/uploads\/2026\/07\/Website_Header-1536x864.jpg 1536w, https:\/\/moeckernkiez-ev.de\/Wordpress_MK\/wp-content\/uploads\/2026\/07\/Website_Header-1320x743.jpg 1320w, https:\/\/moeckernkiez-ev.de\/Wordpress_MK\/wp-content\/uploads\/2026\/07\/Website_Header.jpg 1920w\" sizes=\"auto, (max-width: 300px) 100vw, 300px\" \/><\/div><a class=\"wp-block-latest-posts__post-title\" href=\"https:\/\/moeckernkiez-ev.de\/Wordpress_MK\/2026\/07\/21\/csd-berlin-haltung-ist-hot\/\">CSD Berlin: Haltung ist hot<\/a><div class=\"wp-block-latest-posts__post-author\">von Karl<\/div><time datetime=\"2026-07-21T10:43:00+02:00\" class=\"wp-block-latest-posts__post-date\">Juli 21, 2026<\/time><div class=\"wp-block-latest-posts__post-excerpt\">Der Berliner CSD findet 2026 erstmals an zwei Tagen statt. Die zentrale Neuerung im Jahr 2026 ist die Erweiterung des CSD-Programms: Neben der Demonstration und Abschlusskundgebung am 25. Juli 2026 wird der Berliner CSD erstmals bereits am Freitag, dem 24. Juli 2026, eine Versammlung am Brandenburger Tor mit drei B\u00fchnen durchf\u00fchren. Geplant ist ein abwechslungsreicher &#8230; <p class=\"read-more-container\"><a title=\"CSD Berlin: Haltung ist hot\" class=\"read-more button\" href=\"https:\/\/moeckernkiez-ev.de\/Wordpress_MK\/2026\/07\/21\/csd-berlin-haltung-ist-hot\/#more-11552\" aria-label=\"Mehr Informationen \u00fcber CSD Berlin: Haltung ist hot\">Beitrag lesen<\/a><\/p><\/div><\/li>\n<li><a class=\"wp-block-latest-posts__post-title\" href=\"https:\/\/moeckernkiez-ev.de\/Wordpress_MK\/2026\/07\/20\/kino-im-forum-am-22-7-um-18-uhr-el-boton-de-nacar-der-perlmuttknopf-82-minuten-omu\/\">155. Filmabend im Forum, 22.7. 18 Uhr: &#8222;El Boton de Nacar &#8211; Der Perlmuttknopf&#8220; &#8211; 82 Minuten &#8211; OmU<\/a><div class=\"wp-block-latest-posts__post-author\">von Dieter Wettig<\/div><time datetime=\"2026-07-20T00:59:00+02:00\" class=\"wp-block-latest-posts__post-date\">Juli 20, 2026<\/time><div class=\"wp-block-latest-posts__post-excerpt\">Im Forum im M\u00f6ca, M\u00f6ckernkiez 2, nicht M\u00f6ckernstra\u00dfe 2 Eintritt frei \u2013 Spende erbeten \u2013 Einlass 17.50 Uhr &#8211; Spanisch mit Dt. UT Der Perlmuttknopf&nbsp;(Originaltitel:&nbsp;El bot\u00f3n de n\u00e1car) ist ein&nbsp;Dokumentarfilm&nbsp;von Patricio Guzm\u00e1n. Der Film ist nach&nbsp;Nostalgia de la luz&nbsp;(oder&nbsp;Heimweh nach den Sternen \/ Nostalgie des Lichts, 2010)[2]&nbsp;der zweite Teil seiner Dokumentarfilm-Trilogie \u00fcber die&nbsp;Geschichte Chiles, die &#8230; <p class=\"read-more-container\"><a title=\"155. Filmabend im Forum, 22.7. 18 Uhr: &#8222;El Boton de Nacar &#8211; Der Perlmuttknopf&#8220; &#8211; 82 Minuten &#8211; OmU\" class=\"read-more button\" href=\"https:\/\/moeckernkiez-ev.de\/Wordpress_MK\/2026\/07\/20\/kino-im-forum-am-22-7-um-18-uhr-el-boton-de-nacar-der-perlmuttknopf-82-minuten-omu\/#more-11414\" aria-label=\"Mehr Informationen \u00fcber 155. Filmabend im Forum, 22.7. 18 Uhr: &#8222;El Boton de Nacar &#8211; Der Perlmuttknopf&#8220; &#8211; 82 Minuten &#8211; OmU\">Beitrag lesen<\/a><\/p><\/div><\/li>\n<li><div class=\"wp-block-latest-posts__featured-image alignleft\"><img loading=\"lazy\" decoding=\"async\" width=\"212\" height=\"300\" src=\"https:\/\/moeckernkiez-ev.de\/Wordpress_MK\/wp-content\/uploads\/2026\/07\/Flags-1-pdf-212x300.jpg\" class=\"attachment-medium size-medium wp-post-image\" alt=\"\" style=\"max-width:200px;\" \/><\/div><a class=\"wp-block-latest-posts__post-title\" href=\"https:\/\/moeckernkiez-ev.de\/Wordpress_MK\/2026\/07\/16\/wm-finale-am-sonntag-im-moeca\/\">WM-Finale am Sonntag im M\u00f6ca<\/a><div class=\"wp-block-latest-posts__post-author\">von Karl<\/div><time datetime=\"2026-07-16T13:09:33+02:00\" class=\"wp-block-latest-posts__post-date\">Juli 16, 2026<\/time><div class=\"wp-block-latest-posts__post-excerpt\">Die Teams des Finales stehen fest: am Sonntag 19.7. um 21 Uhr treffen in New York Spanien und Argentinien aufeinander. Die spanischen Spieler spielten recht souver\u00e4n einen 2:0 Sieg gegen Frankreich raus, die Argentinier machten es spannend und drehten in der letzten Viertelstunde einen 1:0 R\u00fcckstand in einen 2:1 Sieg. Beide Spiele waren recht ruppig &#8230; <p class=\"read-more-container\"><a title=\"WM-Finale am Sonntag im M\u00f6ca\" class=\"read-more button\" href=\"https:\/\/moeckernkiez-ev.de\/Wordpress_MK\/2026\/07\/16\/wm-finale-am-sonntag-im-moeca\/#more-11515\" aria-label=\"Mehr Informationen \u00fcber WM-Finale am Sonntag im M\u00f6ca\">Beitrag lesen<\/a><\/p><\/div><\/li>\n<li><div class=\"wp-block-latest-posts__featured-image alignleft\"><img loading=\"lazy\" decoding=\"async\" width=\"212\" height=\"300\" src=\"https:\/\/moeckernkiez-ev.de\/Wordpress_MK\/wp-content\/uploads\/2026\/07\/2026-07-21_Forum_Rathausblock_Flyer-pdf-212x300.jpg\" class=\"attachment-medium size-medium wp-post-image\" alt=\"\" style=\"max-width:200px;\" \/><\/div><a class=\"wp-block-latest-posts__post-title\" href=\"https:\/\/moeckernkiez-ev.de\/Wordpress_MK\/2026\/07\/15\/netzwerk-forum-zukunftsfaehige-gemeinwohlraeume-schaffen\/\">Netzwerk-Forum: Zukunftsf\u00e4hige Gemeinwohlr\u00e4ume schaffen<\/a><div class=\"wp-block-latest-posts__post-author\">von Heike Jacobsen<\/div><time datetime=\"2026-07-15T11:44:50+02:00\" class=\"wp-block-latest-posts__post-date\">Juli 15, 2026<\/time><div class=\"wp-block-latest-posts__post-excerpt\">Dienstag, 21. Juli 2026, 18-20 Uhr im Kiezgarten In der Nachbarschaft des M\u00f6ckernkiez auf dem &#8222;Dragonerareal&#8220; hinter dem Finanzamt am Mehringdamm entsteht das Modellprojekt Rathausblock. Kommenden Dienstag findet dort ein Netzwerk-Forum statt. Nach einem Sachstandsbericht zu aktuellen Entwicklungen im Modellprojekt besteht die M\u00f6glichkeit f\u00fcr Vernetzung und einen lockeren Austausch an Gespr\u00e4chsinseln im Kiezgarten. Folgende Gespr\u00e4chsinseln &#8230; <p class=\"read-more-container\"><a title=\"Netzwerk-Forum: Zukunftsf\u00e4hige Gemeinwohlr\u00e4ume schaffen\" class=\"read-more button\" href=\"https:\/\/moeckernkiez-ev.de\/Wordpress_MK\/2026\/07\/15\/netzwerk-forum-zukunftsfaehige-gemeinwohlraeume-schaffen\/#more-11508\" aria-label=\"Mehr Informationen \u00fcber Netzwerk-Forum: Zukunftsf\u00e4hige Gemeinwohlr\u00e4ume schaffen\">Beitrag lesen<\/a><\/p><\/div><\/li>\n<li><div class=\"wp-block-latest-posts__featured-image alignleft\"><img loading=\"lazy\" decoding=\"async\" width=\"225\" height=\"300\" src=\"https:\/\/moeckernkiez-ev.de\/Wordpress_MK\/wp-content\/uploads\/2026\/07\/IMG20250718154112-225x300.jpg\" class=\"attachment-medium size-medium wp-post-image\" alt=\"\" style=\"max-width:200px;\" srcset=\"https:\/\/moeckernkiez-ev.de\/Wordpress_MK\/wp-content\/uploads\/2026\/07\/IMG20250718154112-225x300.jpg 225w, https:\/\/moeckernkiez-ev.de\/Wordpress_MK\/wp-content\/uploads\/2026\/07\/IMG20250718154112-768x1024.jpg 768w, https:\/\/moeckernkiez-ev.de\/Wordpress_MK\/wp-content\/uploads\/2026\/07\/IMG20250718154112-1152x1536.jpg 1152w, https:\/\/moeckernkiez-ev.de\/Wordpress_MK\/wp-content\/uploads\/2026\/07\/IMG20250718154112-1536x2048.jpg 1536w, https:\/\/moeckernkiez-ev.de\/Wordpress_MK\/wp-content\/uploads\/2026\/07\/IMG20250718154112-1320x1760.jpg 1320w, https:\/\/moeckernkiez-ev.de\/Wordpress_MK\/wp-content\/uploads\/2026\/07\/IMG20250718154112-scaled.jpg 1920w\" sizes=\"auto, (max-width: 225px) 100vw, 225px\" \/><\/div><a class=\"wp-block-latest-posts__post-title\" href=\"https:\/\/moeckernkiez-ev.de\/Wordpress_MK\/2026\/07\/14\/installation-brief-der-juedin\/\">Installation &#8222;Brief der J\u00fcdin&#8220;<\/a><div class=\"wp-block-latest-posts__post-author\">von Karl<\/div><time datetime=\"2026-07-14T19:33:00+02:00\" class=\"wp-block-latest-posts__post-date\">Juli 14, 2026<\/time><div class=\"wp-block-latest-posts__post-excerpt\">&#8222;Brief der J\u00fcdin&#8220;Installation von Christine Berndt am 2. August von 18 \u2013 21 Uhr im M\u00f6ca und im Besprechungsraum des M\u00f6ckernkiezes als Veranstaltung der AG Erinnerung Gleis 1. Mit dem Werk \u201eSchriftZug\u201c von Christine Berndt (Gedichtzeilen auf Gleisen, auf denen 1942 bis 1944 mindestens 9600 j\u00fcdische B\u00fcrger Berlins Richtung Theresienstadt deportiert worden waren) wurde am &#8230; <p class=\"read-more-container\"><a title=\"Installation &#8222;Brief der J\u00fcdin&#8220;\" class=\"read-more button\" href=\"https:\/\/moeckernkiez-ev.de\/Wordpress_MK\/2026\/07\/14\/installation-brief-der-juedin\/#more-11499\" aria-label=\"Mehr Informationen \u00fcber Installation &#8222;Brief der J\u00fcdin&#8220;\">Beitrag lesen<\/a><\/p><\/div><\/li>\n<li><div class=\"wp-block-latest-posts__featured-image alignleft\"><img loading=\"lazy\" decoding=\"async\" width=\"300\" height=\"48\" src=\"https:\/\/moeckernkiez-ev.de\/Wordpress_MK\/wp-content\/uploads\/2026\/07\/logo-netz-neu-Layout-1-300x48.jpg\" class=\"attachment-medium size-medium wp-post-image\" alt=\"\" style=\"max-width:200px;\" srcset=\"https:\/\/moeckernkiez-ev.de\/Wordpress_MK\/wp-content\/uploads\/2026\/07\/logo-netz-neu-Layout-1-300x48.jpg 300w, https:\/\/moeckernkiez-ev.de\/Wordpress_MK\/wp-content\/uploads\/2026\/07\/logo-netz-neu-Layout-1-1024x163.jpg 1024w, https:\/\/moeckernkiez-ev.de\/Wordpress_MK\/wp-content\/uploads\/2026\/07\/logo-netz-neu-Layout-1-768x122.jpg 768w, https:\/\/moeckernkiez-ev.de\/Wordpress_MK\/wp-content\/uploads\/2026\/07\/logo-netz-neu-Layout-1-1536x244.jpg 1536w, https:\/\/moeckernkiez-ev.de\/Wordpress_MK\/wp-content\/uploads\/2026\/07\/logo-netz-neu-Layout-1-2048x325.jpg 2048w, https:\/\/moeckernkiez-ev.de\/Wordpress_MK\/wp-content\/uploads\/2026\/07\/logo-netz-neu-Layout-1-1320x210.jpg 1320w\" sizes=\"auto, (max-width: 300px) 100vw, 300px\" \/><\/div><a class=\"wp-block-latest-posts__post-title\" href=\"https:\/\/moeckernkiez-ev.de\/Wordpress_MK\/2026\/07\/13\/bbu-instrumentalisiert-genossenschaften\/\">BBU plant Kampagne gegen Vergesellschaftung<\/a><div class=\"wp-block-latest-posts__post-author\">von Karl<\/div><time datetime=\"2026-07-13T10:15:00+02:00\" class=\"wp-block-latest-posts__post-date\">Juli 13, 2026<\/time><div class=\"wp-block-latest-posts__post-excerpt\">Der BBU e.V. instrumentalisiert Genossenschaften, schreiben die &#8222;Genossenschafter*innen&#8220; auf ihrer Website. Und nehmen den BBU genauer unter die Lupe. Die M\u00f6ckernkiez e.G. ist beim BBU, dem Verband Berlin-Brandenburgischer Wohnungsunternehmen e.V., der auch Pr\u00fcfungsverband f\u00fcr Genossenschaften ist. Der BBU ist der einflussreiche Verband der Wohnungswirtschaft, an dem in Berlin keine Politik vorbeikommt. Mit seinen Kampagnen gegen &#8230; <p class=\"read-more-container\"><a title=\"BBU plant Kampagne gegen Vergesellschaftung\" class=\"read-more button\" href=\"https:\/\/moeckernkiez-ev.de\/Wordpress_MK\/2026\/07\/13\/bbu-instrumentalisiert-genossenschaften\/#more-11487\" aria-label=\"Mehr Informationen \u00fcber BBU plant Kampagne gegen Vergesellschaftung\">Beitrag lesen<\/a><\/p><\/div><\/li>\n<li><div class=\"wp-block-latest-posts__featured-image alignleft\"><img loading=\"lazy\" decoding=\"async\" width=\"157\" height=\"235\" src=\"https:\/\/moeckernkiez-ev.de\/Wordpress_MK\/wp-content\/uploads\/2026\/05\/WC26_Logo.avif\" class=\"attachment-medium size-medium wp-post-image\" alt=\"\" style=\"max-width:200px;\" \/><\/div><a class=\"wp-block-latest-posts__post-title\" href=\"https:\/\/moeckernkiez-ev.de\/Wordpress_MK\/2026\/07\/12\/fussball-wm-public-viewing-im-moeca\/\">Fu\u00dfball WM Public Viewing im M\u00f6ca<\/a><div class=\"wp-block-latest-posts__post-author\">von Karl<\/div><time datetime=\"2026-07-12T12:17:00+02:00\" class=\"wp-block-latest-posts__post-date\">Juli 12, 2026<\/time><div class=\"wp-block-latest-posts__post-excerpt\">Beide Halbfinal-Spiele und das Finale werden \u00f6ffentlich im M\u00f6ca gezeigt. Alle Spiele beginnen um 21. 00 Uhr, mit Elfmeterschie\u00dfen kann es etwas l\u00e4nger dauern, aber da ja Ferien sind werden die Eltern beide Augen zudr\u00fccken und die kids zusehen lassen&#8230; Im 1. Halbfinale am Dienstag 14.7. treffen Frankreich und Spanien aufeinander, beides waren Meister-Favoriten, jetzt &#8230; <p class=\"read-more-container\"><a title=\"Fu\u00dfball WM Public Viewing im M\u00f6ca\" class=\"read-more button\" href=\"https:\/\/moeckernkiez-ev.de\/Wordpress_MK\/2026\/07\/12\/fussball-wm-public-viewing-im-moeca\/#more-11480\" aria-label=\"Mehr Informationen \u00fcber Fu\u00dfball WM Public Viewing im M\u00f6ca\">Beitrag lesen<\/a><\/p><\/div><\/li>\n<li><a class=\"wp-block-latest-posts__post-title\" href=\"https:\/\/moeckernkiez-ev.de\/Wordpress_MK\/2026\/07\/11\/wohin-fuehren-diese-gleise\/\">\u201eWohin f\u00fchren diese Gleise?\u201c<\/a><div class=\"wp-block-latest-posts__post-author\">von Wolfgang Dilly<\/div><time datetime=\"2026-07-11T13:46:13+02:00\" class=\"wp-block-latest-posts__post-date\">Juli 11, 2026<\/time><div class=\"wp-block-latest-posts__post-excerpt\">Sie sind eigentlich un\u00fcbersehbar \u2013 meterlange Plakate unter den Yorckbr\u00fccken, mit denen an die Deportationen vom Anhalter Bahnhof in das Ghettolager Theresienstadt von 1942 bis 1945 erinnert wird. Dass diese f\u00fcnf Plakate unter den Yorckbr\u00fccken \u201eim Dunklen\u201c angebracht wurden und man ein zweites Mal hinschauen muss, um ihre Botschaft voll zu erfassen, passt genau in &#8230; <p class=\"read-more-container\"><a title=\"\u201eWohin f\u00fchren diese Gleise?\u201c\" class=\"read-more button\" href=\"https:\/\/moeckernkiez-ev.de\/Wordpress_MK\/2026\/07\/11\/wohin-fuehren-diese-gleise\/#more-11471\" aria-label=\"Mehr Informationen \u00fcber \u201eWohin f\u00fchren diese Gleise?\u201c\">Beitrag lesen<\/a><\/p><\/div><\/li>\n<li><div class=\"wp-block-latest-posts__featured-image alignleft\"><img loading=\"lazy\" decoding=\"async\" width=\"212\" height=\"300\" src=\"https:\/\/moeckernkiez-ev.de\/Wordpress_MK\/wp-content\/uploads\/2026\/06\/4x_malinka-neu-212x300.jpg\" class=\"attachment-medium size-medium wp-post-image\" alt=\"\" style=\"max-width:200px;\" srcset=\"https:\/\/moeckernkiez-ev.de\/Wordpress_MK\/wp-content\/uploads\/2026\/06\/4x_malinka-neu-212x300.jpg 212w, https:\/\/moeckernkiez-ev.de\/Wordpress_MK\/wp-content\/uploads\/2026\/06\/4x_malinka-neu-725x1024.jpg 725w, https:\/\/moeckernkiez-ev.de\/Wordpress_MK\/wp-content\/uploads\/2026\/06\/4x_malinka-neu-768x1085.jpg 768w, https:\/\/moeckernkiez-ev.de\/Wordpress_MK\/wp-content\/uploads\/2026\/06\/4x_malinka-neu-1087x1536.jpg 1087w, https:\/\/moeckernkiez-ev.de\/Wordpress_MK\/wp-content\/uploads\/2026\/06\/4x_malinka-neu-1449x2048.jpg 1449w, https:\/\/moeckernkiez-ev.de\/Wordpress_MK\/wp-content\/uploads\/2026\/06\/4x_malinka-neu-1320x1866.jpg 1320w, https:\/\/moeckernkiez-ev.de\/Wordpress_MK\/wp-content\/uploads\/2026\/06\/4x_malinka-neu-scaled.jpg 1811w\" sizes=\"auto, (max-width: 212px) 100vw, 212px\" \/><\/div><a class=\"wp-block-latest-posts__post-title\" href=\"https:\/\/moeckernkiez-ev.de\/Wordpress_MK\/2026\/07\/10\/11363\/\">Konzert auf dem Kiezplatz, 19. Juli 2026 um 16 Uhr mit der Malinka-Band<\/a><div class=\"wp-block-latest-posts__post-author\">von EvaZ<\/div><time datetime=\"2026-07-10T11:03:23+02:00\" class=\"wp-block-latest-posts__post-date\">Juli 10, 2026<\/time><div class=\"wp-block-latest-posts__post-excerpt\">Einladung zum Open Air-Konzert auf dem Kiezplatzam Sonntag, 19. Juli 2026 um 16 Uhrmit der Malinka-Band Das Retro-Quartett Malinka Band spielt Melodien der 1930er- bis 1960er-Jahre und singt auf Deutsch, Polnisch, Ukrainisch, Russisch und Jiddisch. Eintritt frei \u2013 Spenden erw\u00fcnscht ez \/ wd<\/div><\/li>\n<li><div class=\"wp-block-latest-posts__featured-image alignleft\"><img loading=\"lazy\" decoding=\"async\" width=\"300\" height=\"92\" src=\"https:\/\/moeckernkiez-ev.de\/Wordpress_MK\/wp-content\/uploads\/2026\/07\/renditionradioeins_parkfest_header.png-300x92.webp\" class=\"attachment-medium size-medium wp-post-image\" alt=\"\" style=\"max-width:200px;\" srcset=\"https:\/\/moeckernkiez-ev.de\/Wordpress_MK\/wp-content\/uploads\/2026\/07\/renditionradioeins_parkfest_header.png-300x92.webp 300w, https:\/\/moeckernkiez-ev.de\/Wordpress_MK\/wp-content\/uploads\/2026\/07\/renditionradioeins_parkfest_header.png-768x235.webp 768w, https:\/\/moeckernkiez-ev.de\/Wordpress_MK\/wp-content\/uploads\/2026\/07\/renditionradioeins_parkfest_header.png.webp 980w\" sizes=\"auto, (max-width: 300px) 100vw, 300px\" \/><\/div><a class=\"wp-block-latest-posts__post-title\" href=\"https:\/\/moeckernkiez-ev.de\/Wordpress_MK\/2026\/07\/07\/radio-eins-parkfest-22-30-8-2026\/\">Radioeins Parkfest 22.-30.8.2026<\/a><div class=\"wp-block-latest-posts__post-author\">von Karl<\/div><time datetime=\"2026-07-07T20:17:42+02:00\" class=\"wp-block-latest-posts__post-date\">Juli 07, 2026<\/time><div class=\"wp-block-latest-posts__post-excerpt\">Lieber M\u00f6ckernkiez, es ist wieder so weit: Wir m\u00f6chten Sie informieren und herzlich einladen. Wir freuen uns sehr, dass wir auch dieses Jahr wieder ein radioeins Parkfest feiern k\u00f6nnen: 22.-30.8.2026 Es wird bei dem Aufbau aus den letzten zwei Jahren bleiben, so dass wir mit der B\u00fchne nicht in Richtung M\u00f6ckernkiez, sondern Richtung Ladestra\u00dfe spielen. &#8230; <p class=\"read-more-container\"><a title=\"Radioeins Parkfest 22.-30.8.2026\" class=\"read-more button\" href=\"https:\/\/moeckernkiez-ev.de\/Wordpress_MK\/2026\/07\/07\/radio-eins-parkfest-22-30-8-2026\/#more-11459\" aria-label=\"Mehr Informationen \u00fcber Radioeins Parkfest 22.-30.8.2026\">Beitrag lesen<\/a><\/p><\/div><\/li>\n<li><div class=\"wp-block-latest-posts__featured-image alignleft\"><img loading=\"lazy\" decoding=\"async\" width=\"222\" height=\"300\" src=\"https:\/\/moeckernkiez-ev.de\/Wordpress_MK\/wp-content\/uploads\/2026\/07\/Bild2-222x300.jpg\" class=\"attachment-medium size-medium wp-post-image\" alt=\"\" style=\"max-width:200px;\" srcset=\"https:\/\/moeckernkiez-ev.de\/Wordpress_MK\/wp-content\/uploads\/2026\/07\/Bild2-222x300.jpg 222w, https:\/\/moeckernkiez-ev.de\/Wordpress_MK\/wp-content\/uploads\/2026\/07\/Bild2.jpg 274w\" sizes=\"auto, (max-width: 222px) 100vw, 222px\" \/><\/div><a class=\"wp-block-latest-posts__post-title\" href=\"https:\/\/moeckernkiez-ev.de\/Wordpress_MK\/2026\/07\/06\/kurt-eisner-jun-im-kz-ermordet\/\">Kurt Eisner jun., im KZ ermordet<\/a><div class=\"wp-block-latest-posts__post-author\">von Karl<\/div><time datetime=\"2026-07-06T10:22:45+02:00\" class=\"wp-block-latest-posts__post-date\">Juli 06, 2026<\/time><div class=\"wp-block-latest-posts__post-excerpt\">Im Umfeld unserer M\u00f6ckernkiez-Genossenschaft gibt es Orte und namhafte Pers\u00f6nlichkeiten, an die erinnert werden sollte. Zu ihnen geh\u00f6rt der Sohn des ermordeten Revolution\u00e4rs Kurt Eisner, (Hans) Kurt Eisner jr.Ermordet im KZ Buchenwald. Wie sein Vater Kurt Eisner, ermordet 1919, starb auch der Sohn Hans Kurt, 1903 in Berlin geboren, keines nat\u00fcrlichen Todes. Er war das &#8230; <p class=\"read-more-container\"><a title=\"Kurt Eisner jun., im KZ ermordet\" class=\"read-more button\" href=\"https:\/\/moeckernkiez-ev.de\/Wordpress_MK\/2026\/07\/06\/kurt-eisner-jun-im-kz-ermordet\/#more-11447\" aria-label=\"Mehr Informationen \u00fcber Kurt Eisner jun., im KZ ermordet\">Beitrag lesen<\/a><\/p><\/div><\/li>\n<li><div class=\"wp-block-latest-posts__featured-image alignleft\"><img loading=\"lazy\" decoding=\"async\" width=\"300\" height=\"198\" src=\"https:\/\/moeckernkiez-ev.de\/Wordpress_MK\/wp-content\/uploads\/2026\/07\/KurtEisnersen-300x198.jpg\" class=\"attachment-medium size-medium wp-post-image\" alt=\"\" style=\"max-width:200px;\" srcset=\"https:\/\/moeckernkiez-ev.de\/Wordpress_MK\/wp-content\/uploads\/2026\/07\/KurtEisnersen-300x198.jpg 300w, https:\/\/moeckernkiez-ev.de\/Wordpress_MK\/wp-content\/uploads\/2026\/07\/KurtEisnersen-768x506.jpg 768w, https:\/\/moeckernkiez-ev.de\/Wordpress_MK\/wp-content\/uploads\/2026\/07\/KurtEisnersen.jpg 772w\" sizes=\"auto, (max-width: 300px) 100vw, 300px\" \/><\/div><a class=\"wp-block-latest-posts__post-title\" href=\"https:\/\/moeckernkiez-ev.de\/Wordpress_MK\/2026\/07\/05\/kurt-eisner-es-bedraengt-mich-eine-truebe-ahnung\/\">Kurt Eisner: &#8222;Es bedr\u00e4ngt mich eine tr\u00fcbe Ahnung&#8220;<\/a><div class=\"wp-block-latest-posts__post-author\">von Karl<\/div><time datetime=\"2026-07-05T10:19:18+02:00\" class=\"wp-block-latest-posts__post-date\">Juli 05, 2026<\/time><div class=\"wp-block-latest-posts__post-excerpt\">Im Umfeld unserer M\u00f6ckernkiez-Genossenschaft gibt es Orte und namhafte Pers\u00f6nlichkeiten, an die erinnert werden sollte. Zu ihnen geh\u00f6rt der Revolution\u00e4r Kurt Eisner. (Auch sein gleichnamiger Sohn soll hier demn\u00e4chst portr\u00e4tiert werden.) \u201eEs bedr\u00e4ngt mich eine tr\u00fcbe Ahnung\u201c. Den wenigsten d\u00fcrfte bekannt sein, dass der revolution\u00e4re Sozialist Kurt Eisner ein waschechter Berliner war, bringt man ihn, &#8230; <p class=\"read-more-container\"><a title=\"Kurt Eisner: &#8222;Es bedr\u00e4ngt mich eine tr\u00fcbe Ahnung&#8220;\" class=\"read-more button\" href=\"https:\/\/moeckernkiez-ev.de\/Wordpress_MK\/2026\/07\/05\/kurt-eisner-es-bedraengt-mich-eine-truebe-ahnung\/#more-11444\" aria-label=\"Mehr Informationen \u00fcber Kurt Eisner: &#8222;Es bedr\u00e4ngt mich eine tr\u00fcbe Ahnung&#8220;\">Beitrag lesen<\/a><\/p><\/div><\/li>\n<li><div class=\"wp-block-latest-posts__featured-image alignleft\"><img loading=\"lazy\" decoding=\"async\" width=\"189\" height=\"300\" src=\"https:\/\/moeckernkiez-ev.de\/Wordpress_MK\/wp-content\/uploads\/2026\/07\/stanleyhistorycover-189x300.jpg\" class=\"attachment-medium size-medium wp-post-image\" alt=\"\" style=\"max-width:200px;\" srcset=\"https:\/\/moeckernkiez-ev.de\/Wordpress_MK\/wp-content\/uploads\/2026\/07\/stanleyhistorycover-189x300.jpg 189w, https:\/\/moeckernkiez-ev.de\/Wordpress_MK\/wp-content\/uploads\/2026\/07\/stanleyhistorycover-646x1024.jpg 646w, https:\/\/moeckernkiez-ev.de\/Wordpress_MK\/wp-content\/uploads\/2026\/07\/stanleyhistorycover-768x1217.jpg 768w, https:\/\/moeckernkiez-ev.de\/Wordpress_MK\/wp-content\/uploads\/2026\/07\/stanleyhistorycover.jpg 814w\" sizes=\"auto, (max-width: 189px) 100vw, 189px\" \/><\/div><a class=\"wp-block-latest-posts__post-title\" href=\"https:\/\/moeckernkiez-ev.de\/Wordpress_MK\/2026\/07\/03\/buchpremiere-gefaelschte-geschichte-am-15-7-in-der-tu-berlin\/\">Buchpremiere: &#8222;Gef\u00e4lschte Geschichte&#8220; am 15.7. in der HU Berlin<\/a><div class=\"wp-block-latest-posts__post-author\">von Karl<\/div><time datetime=\"2026-07-03T11:38:00+02:00\" class=\"wp-block-latest-posts__post-date\">Juli 03, 2026<\/time><div class=\"wp-block-latest-posts__post-excerpt\">Gef\u00e4lschte Geschichte. \u2028Wie Faschisten die Vergangenheit umschreiben, um die Zukunft zu kontrollieren.(Westend, 2026) Jason Stanley im Gespr\u00e4ch mit Daniel Kehlmann, Naika Foroutan &amp; G\u00e4sten\u2028\u00fcber Erinnerungskultur, Faschismus und gesellschaftspolitische Herausforderungender Gegenwart\u2028 \u2028Mittwoch, 15. Juli 2026\u2028, 18:00 Humboldt-Universit\u00e4t zu BerlinHauptgeb\u00e4udeH\u00f6rsaal 2002Unter den Linden 6\u2028 Um Anmeldung wird gebeten an: bimevent@hu-berlin.deBitte beachten: begrenzte Teilnehmerzahl! Eintritt frei.\u2028\u2028 sieheauch auf &#8230; <p class=\"read-more-container\"><a title=\"Buchpremiere: &#8222;Gef\u00e4lschte Geschichte&#8220; am 15.7. in der HU Berlin\" class=\"read-more button\" href=\"https:\/\/moeckernkiez-ev.de\/Wordpress_MK\/2026\/07\/03\/buchpremiere-gefaelschte-geschichte-am-15-7-in-der-tu-berlin\/#more-11434\" aria-label=\"Mehr Informationen \u00fcber Buchpremiere: &#8222;Gef\u00e4lschte Geschichte&#8220; am 15.7. in der HU Berlin\">Beitrag lesen<\/a><\/p><\/div><\/li>\n<li><a class=\"wp-block-latest-posts__post-title\" href=\"https:\/\/moeckernkiez-ev.de\/Wordpress_MK\/2026\/07\/02\/marion-graefin-yorck-von-wartenburg\/\">Marion Gr\u00e4fin Yorck von Wartenburg<\/a><div class=\"wp-block-latest-posts__post-author\">von Karl<\/div><time datetime=\"2026-07-02T15:02:33+02:00\" class=\"wp-block-latest-posts__post-date\">Juli 02, 2026<\/time><div class=\"wp-block-latest-posts__post-excerpt\">Im Umfeld unserer M\u00f6ckernkiez-Genossenschaft lebten in fr\u00fcheren Zeiten namhafte Pers\u00f6nlichkeiten, an die erinnert werden sollte. Zu ihnen geh\u00f6ren nicht nur der preu\u00dfische Generalfeldmarschall Johann David Ludwig Graf Yorck von Wartenburg und sein als Hitler-Verschw\u00f6rer hingerichteter Ur-Urenkel Peter, sondern auch dessen Ehefrau Marion Gr\u00e4fin Yorck von Wartenburg, die den Nazis furchtlos widerstanden.Als Ellen-Marion Winter wurde die &#8230; <p class=\"read-more-container\"><a title=\"Marion Gr\u00e4fin Yorck von Wartenburg\" class=\"read-more button\" href=\"https:\/\/moeckernkiez-ev.de\/Wordpress_MK\/2026\/07\/02\/marion-graefin-yorck-von-wartenburg\/#more-11430\" aria-label=\"Mehr Informationen \u00fcber Marion Gr\u00e4fin Yorck von Wartenburg\">Beitrag lesen<\/a><\/p><\/div><\/li>\n<li><div class=\"wp-block-latest-posts__featured-image alignleft\"><img loading=\"lazy\" decoding=\"async\" width=\"225\" height=\"300\" src=\"https:\/\/moeckernkiez-ev.de\/Wordpress_MK\/wp-content\/uploads\/2026\/06\/Shelly-225x300.jpg\" class=\"attachment-medium size-medium wp-post-image\" alt=\"\" style=\"max-width:200px;\" srcset=\"https:\/\/moeckernkiez-ev.de\/Wordpress_MK\/wp-content\/uploads\/2026\/06\/Shelly-225x300.jpg 225w, https:\/\/moeckernkiez-ev.de\/Wordpress_MK\/wp-content\/uploads\/2026\/06\/Shelly.jpg 754w\" sizes=\"auto, (max-width: 225px) 100vw, 225px\" \/><\/div><a class=\"wp-block-latest-posts__post-title\" href=\"https:\/\/moeckernkiez-ev.de\/Wordpress_MK\/2026\/06\/30\/matinee-mit-shelly-kupferberg-2\/\">Matinee mit Shelly Kupferberg<\/a><div class=\"wp-block-latest-posts__post-author\">von Karl<\/div><time datetime=\"2026-06-30T14:54:51+02:00\" class=\"wp-block-latest-posts__post-date\">Juni 30, 2026<\/time><div class=\"wp-block-latest-posts__post-excerpt\">Matinee im M\u00f6ckernkiez \u2013 eine wahrhaft hei\u00dfe Veranstaltung im Forum am 28. Juni 2026Vor einigen Wochen machte eine Mitbewohnerin auf den k\u00fcrzlich erschienenen Roman \u201eStunden wie Tage\u201c von Shelly Kupferberg aufmerksam, der vom Thema her doch perfekt zu den bisherigen Veranstaltungen der AG Erinnerung Gleis 1 passe \u2013 den Spuren der NS-Vergangenheit in unserem Umfeld. &#8230; <p class=\"read-more-container\"><a title=\"Matinee mit Shelly Kupferberg\" class=\"read-more button\" href=\"https:\/\/moeckernkiez-ev.de\/Wordpress_MK\/2026\/06\/30\/matinee-mit-shelly-kupferberg-2\/#more-11427\" aria-label=\"Mehr Informationen \u00fcber Matinee mit Shelly Kupferberg\">Beitrag lesen<\/a><\/p><\/div><\/li>\n<li><div class=\"wp-block-latest-posts__featured-image alignleft\"><img loading=\"lazy\" decoding=\"async\" width=\"300\" height=\"154\" src=\"https:\/\/moeckernkiez-ev.de\/Wordpress_MK\/wp-content\/uploads\/2026\/06\/Header-Homepage-1170x600_AkN078L-300x154.png\" class=\"attachment-medium size-medium wp-post-image\" alt=\"\" style=\"max-width:200px;\" srcset=\"https:\/\/moeckernkiez-ev.de\/Wordpress_MK\/wp-content\/uploads\/2026\/06\/Header-Homepage-1170x600_AkN078L-300x154.png 300w, https:\/\/moeckernkiez-ev.de\/Wordpress_MK\/wp-content\/uploads\/2026\/06\/Header-Homepage-1170x600_AkN078L-1024x525.png 1024w, https:\/\/moeckernkiez-ev.de\/Wordpress_MK\/wp-content\/uploads\/2026\/06\/Header-Homepage-1170x600_AkN078L-768x394.png 768w, https:\/\/moeckernkiez-ev.de\/Wordpress_MK\/wp-content\/uploads\/2026\/06\/Header-Homepage-1170x600_AkN078L.png 1170w\" sizes=\"auto, (max-width: 300px) 100vw, 300px\" \/><\/div><a class=\"wp-block-latest-posts__post-title\" href=\"https:\/\/moeckernkiez-ev.de\/Wordpress_MK\/2026\/06\/28\/die-kneipe-geht-tanzen-3-7-26\/\">Die Kneipe geht tanzen: 3.7.26<\/a><div class=\"wp-block-latest-posts__post-author\">von Heike Jacobsen<\/div><time datetime=\"2026-06-28T22:06:47+02:00\" class=\"wp-block-latest-posts__post-date\">Juni 28, 2026<\/time><div class=\"wp-block-latest-posts__post-excerpt\">Liebe alle,&nbsp; am 3.7. geht die Kneipe tanzen! Wir freuen uns \u00fcber alle, die mittanzen und mitkommen wollen ins SO 36 zur Indie Pop Tanzparty \u201eLast Night\u201c.&nbsp; Tickets gibts an der Abendkasse (10\u20ac) oder hier im Vorverkauf (8\u20ac)&nbsp;https:\/\/www.so36.com\/produkte\/97683-tickets-last-night-so36-berlin-am-03-07-2026.&nbsp; Start ist 22 Uhr auf dem Kiezplatz vorm M\u00f6ca mit dem Rad oder wir finden uns direkt &#8230; <p class=\"read-more-container\"><a title=\"Die Kneipe geht tanzen: 3.7.26\" class=\"read-more button\" href=\"https:\/\/moeckernkiez-ev.de\/Wordpress_MK\/2026\/06\/28\/die-kneipe-geht-tanzen-3-7-26\/#more-11410\" aria-label=\"Mehr Informationen \u00fcber Die Kneipe geht tanzen: 3.7.26\">Beitrag lesen<\/a><\/p><\/div><\/li>\n<li><div class=\"wp-block-latest-posts__featured-image alignleft\"><img loading=\"lazy\" decoding=\"async\" width=\"300\" height=\"199\" src=\"https:\/\/moeckernkiez-ev.de\/Wordpress_MK\/wp-content\/uploads\/2026\/06\/OIP-1709760468-300x199.jpg\" class=\"attachment-medium size-medium wp-post-image\" alt=\"\" style=\"max-width:200px;\" srcset=\"https:\/\/moeckernkiez-ev.de\/Wordpress_MK\/wp-content\/uploads\/2026\/06\/OIP-1709760468-300x199.jpg 300w, https:\/\/moeckernkiez-ev.de\/Wordpress_MK\/wp-content\/uploads\/2026\/06\/OIP-1709760468.jpg 474w\" sizes=\"auto, (max-width: 300px) 100vw, 300px\" \/><\/div><a class=\"wp-block-latest-posts__post-title\" href=\"https:\/\/moeckernkiez-ev.de\/Wordpress_MK\/2026\/06\/27\/public-viewing-fussball-wm-16tel-finale-d-paraguay-und-brasilien-japan\/\">Public Viewing Fu\u00dfball WM 16tel Finale: D : Paraguay und Brasilien : Japan<\/a><div class=\"wp-block-latest-posts__post-author\">von Karl<\/div><time datetime=\"2026-06-27T14:06:02+02:00\" class=\"wp-block-latest-posts__post-date\">Juni 27, 2026<\/time><div class=\"wp-block-latest-posts__post-excerpt\">MONTAG, 29.6.26, 19 Uhr und 22:30 Uhr Mit dem 16tel-Finale beginnen die Final-Spiele der Fu\u00dfball WM. Am Montag um 22.30 Uhr beginnt das Spiel Deutschland vs. Paraguay. Paraguay hat sich mit einem 1:0 Sieg gegen die T\u00fcrkei den dritten Platz hinter USA und Australien gesichert. F\u00fcr die T\u00fcrken ist als 4ter die WM beendet. Das &#8230; <p class=\"read-more-container\"><a title=\"Public Viewing Fu\u00dfball WM 16tel Finale: D : Paraguay und Brasilien : Japan\" class=\"read-more button\" href=\"https:\/\/moeckernkiez-ev.de\/Wordpress_MK\/2026\/06\/27\/public-viewing-fussball-wm-16tel-finale-d-paraguay-und-brasilien-japan\/#more-11402\" aria-label=\"Mehr Informationen \u00fcber Public Viewing Fu\u00dfball WM 16tel Finale: D : Paraguay und Brasilien : Japan\">Beitrag lesen<\/a><\/p><\/div><\/li>\n<li><a class=\"wp-block-latest-posts__post-title\" href=\"https:\/\/moeckernkiez-ev.de\/Wordpress_MK\/2026\/06\/26\/keine-absage-wg-hitze-der-vortrag-von-prof-dr-esther-lehnert-rechtsextreme-frauen-findet-statt\/\">Keine Absage wg. Hitze, der Vortrag von Prof. Dr. Esther Lehnert \u201eRechtsextreme Frauen\u201c findet heute statt!<\/a><div class=\"wp-block-latest-posts__post-author\">von Karl<\/div><time datetime=\"2026-06-26T09:08:24+02:00\" class=\"wp-block-latest-posts__post-date\">Juni 26, 2026<\/time><div class=\"wp-block-latest-posts__post-excerpt\">Der Vortrag im Forum des Treffpunktes am 26.06.26 um 18.00 tr\u00e4gt den Titel: &#8222;Rechtsextreme Frauen &#8211; Von Tradewifes, Politikerinnen und Terroristinnen&#8220;. Ungeachtet der Tatsache, dass rechtsextreme Frauen eine gro\u00dfe Rolle in Deutschland und international spielen (Alice Weidel, Georgia Melonie, Marine Le Pen\u2026) werden sie immer noch und immer wieder \u00fcbersehen und untersch\u00e4tzt. Woran liegt das? &#8230; <p class=\"read-more-container\"><a title=\"Keine Absage wg. Hitze, der Vortrag von Prof. Dr. Esther Lehnert \u201eRechtsextreme Frauen\u201c findet heute statt!\" class=\"read-more button\" href=\"https:\/\/moeckernkiez-ev.de\/Wordpress_MK\/2026\/06\/26\/keine-absage-wg-hitze-der-vortrag-von-prof-dr-esther-lehnert-rechtsextreme-frauen-findet-statt\/#more-11393\" aria-label=\"Mehr Informationen \u00fcber Keine Absage wg. Hitze, der Vortrag von Prof. Dr. Esther Lehnert \u201eRechtsextreme Frauen\u201c findet heute statt!\">Beitrag lesen<\/a><\/p><\/div><\/li>\n<li><a class=\"wp-block-latest-posts__post-title\" href=\"https:\/\/moeckernkiez-ev.de\/Wordpress_MK\/2026\/06\/26\/28-6-18-uhr-film-im-forum-der-schamane-und-die-schlange-eine-reise-auf-dem-amazonas-kolumbien-2015-2-h-omu\/\">28.6. 18 Uhr Film im Forum: \u201eDer Schamane und die Schlange \u2013 Eine Reise auf dem Amazonas\u201c, Kolumbien 2015 \u2013 2 h \u2013 OmU<\/a><div class=\"wp-block-latest-posts__post-author\">von Dieter Wettig<\/div><time datetime=\"2026-06-26T00:54:00+02:00\" class=\"wp-block-latest-posts__post-date\">Juni 26, 2026<\/time><div class=\"wp-block-latest-posts__post-excerpt\">Im Forum im M\u00f6ca, M\u00f6ckernkiez 2,&nbsp;nicht&nbsp;M\u00f6ckernstra\u00dfe 2 Eintritt frei \u2013 Spende erbeten \u2013 Einlass 17.50 Uhr,&nbsp;Deutsche Untertitel \u2013 Schwarz -Wei\u00df Sprachen:&nbsp;Spanisch,&nbsp;Portugiesisch,&nbsp;Deutsch,&nbsp;Katalanisch,&nbsp;Latein,&nbsp;Amazonische Sprachen&nbsp;(Cubeo,&nbsp;Witoto,&nbsp;Tikuna) Der Schamane und die Schlange \u2013 Eine Reise auf dem Amazonas&nbsp;(Originaltitel&nbsp;El abrazo de la serpiente) ist ein&nbsp;kolumbianischer&nbsp;Abenteuerfilm, der am 15. Mai 2015 im Rahmen der&nbsp;Internationalen Filmfestspiele von Cannes&nbsp;seine Premiere feierte, am 25. Mai &#8230; <p class=\"read-more-container\"><a title=\"28.6. 18 Uhr Film im Forum: \u201eDer Schamane und die Schlange \u2013 Eine Reise auf dem Amazonas\u201c, Kolumbien 2015 \u2013 2 h \u2013 OmU\" class=\"read-more button\" href=\"https:\/\/moeckernkiez-ev.de\/Wordpress_MK\/2026\/06\/26\/28-6-18-uhr-film-im-forum-der-schamane-und-die-schlange-eine-reise-auf-dem-amazonas-kolumbien-2015-2-h-omu\/#more-11357\" aria-label=\"Mehr Informationen \u00fcber 28.6. 18 Uhr Film im Forum: \u201eDer Schamane und die Schlange \u2013 Eine Reise auf dem Amazonas\u201c, Kolumbien 2015 \u2013 2 h \u2013 OmU\">Beitrag lesen<\/a><\/p><\/div><\/li>\n<li><a class=\"wp-block-latest-posts__post-title\" href=\"https:\/\/moeckernkiez-ev.de\/Wordpress_MK\/2026\/06\/24\/absage-wegen-witterung-20-jahre-interkultureller-garten-rosenduft-27-6-26-coming-back-soon\/\">ABSAGE wegen Witterung &#8211; 20 Jahre Interkultureller Garten Rosenduft, 27.6.26 &#8211; Coming back soon&#8230;<\/a><div class=\"wp-block-latest-posts__post-author\">von Wolfgang Dilly<\/div><time datetime=\"2026-06-24T20:54:59+02:00\" class=\"wp-block-latest-posts__post-date\">Juni 24, 2026<\/time><div class=\"wp-block-latest-posts__post-excerpt\"><\/div><\/li>\n<li><a class=\"wp-block-latest-posts__post-title\" href=\"https:\/\/moeckernkiez-ev.de\/Wordpress_MK\/2026\/06\/22\/rechtsextreme-frauen-vortrag-von-prof-dr-esther-lehnert-am-26-6\/\">&#8222;Rechtsextreme Frauen&#8220;, Vortrag von Prof. Dr. Esther Lehnert am 26.6.<\/a><div class=\"wp-block-latest-posts__post-author\">von Karl<\/div><time datetime=\"2026-06-22T14:51:05+02:00\" class=\"wp-block-latest-posts__post-date\">Juni 22, 2026<\/time><div class=\"wp-block-latest-posts__post-excerpt\">Der Vortrag im Forum des Treffpunktes am 26.06.26 um 18.00 tr\u00e4gt den Titel: &#8222;Rechtsextreme Frauen &#8211; Von Tradewifes, Politikerinnen und Terroristinnen&#8220;. Ungeachtet der Tatsache, dass rechtsextreme Frauen eine gro\u00dfe Rolle in Deutschland und international spielen (Alice Weidel, Georgia Melonie, Marine Le Pen\u2026) werden sie immer noch und immer wieder \u00fcbersehen und untersch\u00e4tzt. Woran liegt das? &#8230; <p class=\"read-more-container\"><a title=\"&#8222;Rechtsextreme Frauen&#8220;, Vortrag von Prof. Dr. Esther Lehnert am 26.6.\" class=\"read-more button\" href=\"https:\/\/moeckernkiez-ev.de\/Wordpress_MK\/2026\/06\/22\/rechtsextreme-frauen-vortrag-von-prof-dr-esther-lehnert-am-26-6\/#more-11292\" aria-label=\"Mehr Informationen \u00fcber &#8222;Rechtsextreme Frauen&#8220;, Vortrag von Prof. Dr. Esther Lehnert am 26.6.\">Beitrag lesen<\/a><\/p><\/div><\/li>\n<li><div class=\"wp-block-latest-posts__featured-image alignleft\"><img loading=\"lazy\" decoding=\"async\" width=\"212\" height=\"300\" src=\"https:\/\/moeckernkiez-ev.de\/Wordpress_MK\/wp-content\/uploads\/2026\/06\/Einladung-pdf-212x300.jpg\" class=\"attachment-medium size-medium wp-post-image\" alt=\"\" style=\"max-width:200px;\" \/><\/div><a class=\"wp-block-latest-posts__post-title\" href=\"https:\/\/moeckernkiez-ev.de\/Wordpress_MK\/2026\/06\/21\/20-jahre-interkultureller-garten-rosenduft\/\">20 Jahre Interkultureller Garten Rosenduft, 27.6.26<\/a><div class=\"wp-block-latest-posts__post-author\">von Karl<\/div><time datetime=\"2026-06-21T11:17:00+02:00\" class=\"wp-block-latest-posts__post-date\">Juni 21, 2026<\/time><div class=\"wp-block-latest-posts__post-excerpt\">Eine interkulturelle Erfolgsgeschichte In diesem Jahr feiert der Rosenduftgartens 20-j\u00e4hriges Bestehen. Begzada Alatovi\u0107 leitet dieses Projekt dess\u00fcdost Europa Kultur e.V. von Anfang an und koordiniert das ehrenamtliche Engagement vieler G\u00e4rtner*innen. Mit Unterst\u00fctzung des damaligen B\u00fcrgermeisters von Friedrichshain-Kreuzberg, Franz Schulz, schloss sichunser Verein bereits bestehenden Initiativen an und begann, eine Fl\u00e4che auf dem ehemaligen AnhalterG\u00fcterbahnhof zu &#8230; <p class=\"read-more-container\"><a title=\"20 Jahre Interkultureller Garten Rosenduft, 27.6.26\" class=\"read-more button\" href=\"https:\/\/moeckernkiez-ev.de\/Wordpress_MK\/2026\/06\/21\/20-jahre-interkultureller-garten-rosenduft\/#more-11311\" aria-label=\"Mehr Informationen \u00fcber 20 Jahre Interkultureller Garten Rosenduft, 27.6.26\">Beitrag lesen<\/a><\/p><\/div><\/li>\n<li><a class=\"wp-block-latest-posts__post-title\" href=\"https:\/\/moeckernkiez-ev.de\/Wordpress_MK\/2026\/06\/20\/matinee-mit-shelly-kupferberg\/\">Matinee mit Shelly Kupferberg 28.6.26,<\/a><div class=\"wp-block-latest-posts__post-author\">von Karl<\/div><time datetime=\"2026-06-20T21:25:01+02:00\" class=\"wp-block-latest-posts__post-date\">Juni 20, 2026<\/time><div class=\"wp-block-latest-posts__post-excerpt\">Matinee \u201eStunden wie Tage\u201c von und mit Shelly Kupferberg am Sonntag, 28. Juni 2026,10 Uhr 30 im Forum Die renommierte Berliner Journalistin und Schriftstellerin Shelly Kupferberg erz\u00e4hlt in ihrem Roman \u201eStunden wie Tage\u201c die Geschichte einer Sch\u00f6neberger Hausbesitzerin und die der jungen Widerstandsk\u00e4mpferin Liane Berkowitz, die von den Nationalsozialisten der \u201eRoten Kapelle\u201c zugeordnet wurde. Liane &#8230; <p class=\"read-more-container\"><a title=\"Matinee mit Shelly Kupferberg 28.6.26,\" class=\"read-more button\" href=\"https:\/\/moeckernkiez-ev.de\/Wordpress_MK\/2026\/06\/20\/matinee-mit-shelly-kupferberg\/#more-11317\" aria-label=\"Mehr Informationen \u00fcber Matinee mit Shelly Kupferberg 28.6.26,\">Beitrag lesen<\/a><\/p><\/div><\/li>\n<\/ul>\n\n\n<div class=\"wp-block-query is-layout-flow wp-block-query-is-layout-flow\"><nav class=\"wp-block-query-pagination is-layout-flex wp-block-query-pagination-is-layout-flex\" aria-label=\"Seitennummerierung\">\n\n\n<div class=\"wp-block-query-pagination-numbers\"><span aria-current=\"page\" class=\"page-numbers current\">1<\/span>\n<a class=\"page-numbers\" href=\"?query-0-page=2\">2<\/a>\n<a class=\"page-numbers\" href=\"?query-0-page=3\">3<\/a>\n<span class=\"page-numbers dots\">&hellip;<\/span>\n<a class=\"page-numbers\" href=\"?query-0-page=280\">280<\/a><\/div>\n\n<a href=\"\/Wordpress_MK\/wp-json\/wp\/v2\/pages\/486?query-0-page=2\" class=\"wp-block-query-pagination-next\">N\u00e4chste Seite<\/a>\n<\/nav>\n\n<\/div>\n\n\n\n\n","protected":false},"excerpt":{"rendered":"","protected":false},"author":4,"featured_media":0,"parent":0,"menu_order":0,"comment_status":"closed","ping_status":"closed","template":"","meta":{"footnotes":""},"class_list":["post-486","page","type-page","status-publish"],"publishpress_future_action":{"enabled":false,"date":"2026-09-13 20:04:04","action":"change-status","newStatus":"draft","terms":[],"taxonomy":"","extraData":[]},"publishpress_future_workflow_manual_trigger":{"enabledWorkflows":[]},"_links":{"self":[{"href":"https:\/\/moeckernkiez-ev.de\/Wordpress_MK\/wp-json\/wp\/v2\/pages\/486","targetHints":{"allow":["GET"]}}],"collection":[{"href":"https:\/\/moeckernkiez-ev.de\/Wordpress_MK\/wp-json\/wp\/v2\/pages"}],"about":[{"href":"https:\/\/moeckernkiez-ev.de\/Wordpress_MK\/wp-json\/wp\/v2\/types\/page"}],"author":[{"embeddable":true,"href":"https:\/\/moeckernkiez-ev.de\/Wordpress_MK\/wp-json\/wp\/v2\/users\/4"}],"replies":[{"embeddable":true,"href":"https:\/\/moeckernkiez-ev.de\/Wordpress_MK\/wp-json\/wp\/v2\/comments?post=486"}],"version-history":[{"count":1,"href":"https:\/\/moeckernkiez-ev.de\/Wordpress_MK\/wp-json\/wp\/v2\/pages\/486\/revisions"}],"predecessor-version":[{"id":1469,"href":"https:\/\/moeckernkiez-ev.de\/Wordpress_MK\/wp-json\/wp\/v2\/pages\/486\/revisions\/1469"}],"wp:attachment":[{"href":"https:\/\/moeckernkiez-ev.de\/Wordpress_MK\/wp-json\/wp\/v2\/media?parent=486"}],"curies":[{"name":"wp","href":"https:\/\/api.w.org\/{rel}","templated":true}]}}